{"id":11,"date":"2022-10-19T17:21:39","date_gmt":"2022-10-19T17:21:39","guid":{"rendered":"https:\/\/pruebas.populartvcantabria.com\/?page_id=11"},"modified":"2023-01-04T11:50:53","modified_gmt":"2023-01-04T11:50:53","slug":"main","status":"publish","type":"page","link":"https:\/\/pruebas.populartvcantabria.com\/","title":{"rendered":"main"},"content":{"rendered":"\t\t<div data-elementor-type=\"wp-page\" data-elementor-id=\"11\" class=\"elementor elementor-11\">\n\t\t\t\t\t\t\t\t\t<section class=\"elementor-section elementor-top-section elementor-element elementor-element-03b2267 elementor-section-full_width elementor-section-height-default elementor-section-height-default\" data-id=\"03b2267\" data-element_type=\"section\">\n\t\t\t\t\t\t<div class=\"elementor-container elementor-column-gap-default\">\n\t\t\t\t\t<div class=\"elementor-column elementor-col-100 elementor-top-column elementor-element elementor-element-46fa64d\" data-id=\"46fa64d\" data-element_type=\"column\">\n\t\t\t<div class=\"elementor-widget-wrap elementor-element-populated\">\n\t\t\t\t\t\t\t\t<div class=\"elementor-element elementor-element-c38086a elementor-grid-3 elementor-grid-tablet-2 elementor-grid-mobile-1 eael-fg-hoverer-content-align-left elementor-widget elementor-widget-eael-filterable-gallery\" data-id=\"c38086a\" data-element_type=\"widget\" data-settings=\"{&quot;pagination&quot;:&quot;yes&quot;,&quot;columns&quot;:&quot;3&quot;,&quot;columns_tablet&quot;:&quot;2&quot;,&quot;columns_mobile&quot;:&quot;1&quot;,&quot;photo_gallery&quot;:&quot;yes&quot;}\" data-widget_type=\"eael-filterable-gallery.default\">\n\t\t\t\t<div class=\"elementor-widget-container\">\n\t\t\t        <div id=\"eael-filter-gallery-wrapper-c38086a\" class=\"eael-filter-gallery-wrapper\" data-layout-mode=\"hoverer\" data-mfp_caption=\"\">\n            \n            \n            <div class=\"eael-filter-gallery-container eael-filter-gallery-grid\" data-images-per-page=\"3\" data-total-gallery-items=\"14\" data-nomore-item-text=\"\" data-settings=\"{&quot;grid_style&quot;:&quot;grid&quot;,&quot;popup&quot;:&quot;buttons&quot;,&quot;duration&quot;:&quot;100&quot;,&quot;gallery_enabled&quot;:&quot;yes&quot;,&quot;post_id&quot;:11,&quot;widget_id&quot;:&quot;c38086a&quot;}\" data-gallery-items=\"[&quot;\\u003Cdiv class=\\u0022eael-filterable-gallery-item-wrap\\u0022\\u003E\\n\\t\\t\\t\\t\\u003Cdiv class=\\u0022eael-gallery-grid-item\\u0022\\u003E\\u003Cdiv class=\\u0022gallery-item-thumbnail-wrap\\u0022\\u003E\\u003Cimg src=\\u0022https:\\\/\\\/pruebas.populartvcantabria.com\\\/wp-content\\\/uploads\\\/2022\\\/10\\\/careta_caminando-1024x576-1.jpg\\u0022 data-lazy-src=\\u0022https:\\\/\\\/pruebas.populartvcantabria.com\\\/wp-content\\\/uploads\\\/2022\\\/10\\\/careta_caminando-1024x576-1.jpg\\u0022 alt=\\u0022\\u0022 class=\\u0022gallery-item-thumbnail\\u0022\\u003E\\u003C\\\/div\\u003E\\u003Cdiv class=\\u0022gallery-item-caption-wrap caption-style-hoverer eael-slide-up\\u0022\\u003E\\u003Cdiv class=\\u0022gallery-item-hoverer-bg\\u0022\\u003E\\u003C\\\/div\\u003E\\u003Cdiv class=\\u0022gallery-item-caption-over\\u0022\\u003E\\u003Ch5 class=\\u0022fg-item-title\\u0022\\u003ECAMINANDO\\u003C\\\/h5\\u003E\\u003Cdiv class=\\u0022fg-item-content\\u0022\\u003E\\u003Cp\\u003EEl programa religioso de la Di\u00f3cesis de Santander\\u003C\\\/p\\u003E\\n\\u003C\\\/div\\u003E\\u003Cdiv class=\\u0022gallery-item-buttons\\u0022\\u003E\\u003Ca href=\\u0022https:\\\/\\\/pruebas.populartvcantabria.com\\\/wp-content\\\/uploads\\\/2022\\\/10\\\/careta_caminando-1024x576-1.jpg\\u0022 class=\\u0022eael-magnific-link active\\u0022 data-elementor-open-lightbox=\\u0022no\\u0022\\u003E\\u003Cspan class=\\u0022fg-item-icon-inner\\u0022\\u003E\\u003Ci class=\\u0022fas fa-search-plus\\u0022 aria-hidden=\\u0022true\\u0022\\u003E\\u003C\\\/i\\u003E\\u003C\\\/span\\u003E\\n            \\u003C\\\/a\\u003E                \\u003Ca href=\\u0022https:\\\/\\\/pruebas.populartvcantabria.com\\\/index.php\\\/caminando\\\/\\u0022\\u003E \\u003Cspan class=\\u0022fg-item-icon-inner\\u0022\\u003E\\u003Ci class=\\u0022fas fa-link\\u0022 aria-hidden=\\u0022true\\u0022\\u003E\\u003C\\\/i\\u003E\\u003C\\\/span\\u003E\\u003C\\\/a\\u003E\\u003C\\\/div\\u003E\\u003C\\\/div\\u003E\\u003C\\\/div\\u003E\\u003C\\\/div\\u003E\\u003C\\\/div\\u003E&quot;,&quot;\\u003Cdiv class=\\u0022eael-filterable-gallery-item-wrap eael-cf-informativo\\u0022\\u003E\\n\\t\\t\\t\\t\\u003Cdiv class=\\u0022eael-gallery-grid-item\\u0022\\u003E\\u003Cdiv class=\\u0022gallery-item-thumbnail-wrap\\u0022\\u003E\\u003Cimg src=\\u0022https:\\\/\\\/pruebas.populartvcantabria.com\\\/wp-content\\\/uploads\\\/2022\\\/10\\\/infor230-1024x576-1.jpg\\u0022 data-lazy-src=\\u0022https:\\\/\\\/pruebas.populartvcantabria.com\\\/wp-content\\\/uploads\\\/2022\\\/10\\\/infor230-1024x576-1.jpg\\u0022 alt=\\u0022\\u0022 class=\\u0022gallery-item-thumbnail\\u0022\\u003E\\u003C\\\/div\\u003E\\u003Cdiv class=\\u0022gallery-item-caption-wrap caption-style-hoverer eael-slide-up\\u0022\\u003E\\u003Cdiv class=\\u0022gallery-item-hoverer-bg\\u0022\\u003E\\u003C\\\/div\\u003E\\u003Cdiv class=\\u0022gallery-item-caption-over\\u0022\\u003E\\u003Ch5 class=\\u0022fg-item-title\\u0022\\u003EInformativo PTV\\u003C\\\/h5\\u003E\\u003Cdiv class=\\u0022fg-item-content\\u0022\\u003E\\u003Cp\\u003EToda la actualidad de la regi\u00f3n.\\u003C\\\/p\\u003E\\n\\u003C\\\/div\\u003E\\u003Cdiv class=\\u0022gallery-item-buttons\\u0022\\u003E\\u003Ca href=\\u0022https:\\\/\\\/pruebas.populartvcantabria.com\\\/wp-content\\\/uploads\\\/2022\\\/10\\\/infor230-1024x576-1.jpg\\u0022 class=\\u0022eael-magnific-link active\\u0022 data-elementor-open-lightbox=\\u0022no\\u0022\\u003E\\u003Cspan class=\\u0022fg-item-icon-inner\\u0022\\u003E\\u003Ci class=\\u0022fas fa-search-plus\\u0022 aria-hidden=\\u0022true\\u0022\\u003E\\u003C\\\/i\\u003E\\u003C\\\/span\\u003E\\n            \\u003C\\\/a\\u003E                \\u003Ca href=\\u0022https:\\\/\\\/pruebas.populartvcantabria.com\\\/index.php\\\/informativo\\\/\\u0022\\u003E \\u003Cspan class=\\u0022fg-item-icon-inner\\u0022\\u003E\\u003Ci class=\\u0022fas fa-link\\u0022 aria-hidden=\\u0022true\\u0022\\u003E\\u003C\\\/i\\u003E\\u003C\\\/span\\u003E\\u003C\\\/a\\u003E\\u003C\\\/div\\u003E\\u003C\\\/div\\u003E\\u003C\\\/div\\u003E\\u003C\\\/div\\u003E\\u003C\\\/div\\u003E&quot;,&quot;\\u003Cdiv class=\\u0022eael-filterable-gallery-item-wrap eael-cf-silencio\\u0022\\u003E\\n\\t\\t\\t\\t\\u003Cdiv class=\\u0022eael-gallery-grid-item\\u0022\\u003E\\u003Cdiv class=\\u0022gallery-item-thumbnail-wrap\\u0022\\u003E\\u003Cimg src=\\u0022https:\\\/\\\/pruebas.populartvcantabria.com\\\/wp-content\\\/uploads\\\/2022\\\/11\\\/careta_pueblos.jpg\\u0022 data-lazy-src=\\u0022https:\\\/\\\/pruebas.populartvcantabria.com\\\/wp-content\\\/uploads\\\/2022\\\/11\\\/careta_pueblos.jpg\\u0022 alt=\\u0022\\u0022 class=\\u0022gallery-item-thumbnail\\u0022\\u003E\\u003C\\\/div\\u003E\\u003Cdiv class=\\u0022gallery-item-caption-wrap caption-style-hoverer eael-slide-up\\u0022\\u003E\\u003Cdiv class=\\u0022gallery-item-hoverer-bg\\u0022\\u003E\\u003C\\\/div\\u003E\\u003Cdiv class=\\u0022gallery-item-caption-over\\u0022\\u003E\\u003Ch5 class=\\u0022fg-item-title\\u0022\\u003EEl silencio de un pueblo\\u003C\\\/h5\\u003E\\u003Cdiv class=\\u0022fg-item-content\\u0022\\u003E\\u003Cp\\u003EConoce los pueblos m\u00e1s ocultos de Cantabria\\u003C\\\/p\\u003E\\n\\u003C\\\/div\\u003E\\u003Cdiv class=\\u0022gallery-item-buttons\\u0022\\u003E\\u003Ca href=\\u0022https:\\\/\\\/pruebas.populartvcantabria.com\\\/wp-content\\\/uploads\\\/2022\\\/11\\\/careta_pueblos.jpg\\u0022 class=\\u0022eael-magnific-link active\\u0022 data-elementor-open-lightbox=\\u0022no\\u0022\\u003E\\u003Cspan class=\\u0022fg-item-icon-inner\\u0022\\u003E\\u003Ci class=\\u0022fas fa-search-plus\\u0022 aria-hidden=\\u0022true\\u0022\\u003E\\u003C\\\/i\\u003E\\u003C\\\/span\\u003E\\n            \\u003C\\\/a\\u003E                \\u003Ca href=\\u0022https:\\\/\\\/pruebas.populartvcantabria.com\\\/index.php\\\/silencio-pueblo\\\/\\u0022\\u003E \\u003Cspan class=\\u0022fg-item-icon-inner\\u0022\\u003E\\u003Ci class=\\u0022fas fa-link\\u0022 aria-hidden=\\u0022true\\u0022\\u003E\\u003C\\\/i\\u003E\\u003C\\\/span\\u003E\\u003C\\\/a\\u003E\\u003C\\\/div\\u003E\\u003C\\\/div\\u003E\\u003C\\\/div\\u003E\\u003C\\\/div\\u003E\\u003C\\\/div\\u003E&quot;,&quot;\\u003Cdiv class=\\u0022eael-filterable-gallery-item-wrap eael-cf-voces\\u0022\\u003E\\n\\t\\t\\t\\t\\u003Cdiv class=\\u0022eael-gallery-grid-item\\u0022\\u003E\\u003Cdiv class=\\u0022gallery-item-thumbnail-wrap\\u0022\\u003E\\u003Cimg src=\\u0022https:\\\/\\\/pruebas.populartvcantabria.com\\\/wp-content\\\/uploads\\\/2023\\\/01\\\/minivoces.png\\u0022 data-lazy-src=\\u0022https:\\\/\\\/pruebas.populartvcantabria.com\\\/wp-content\\\/uploads\\\/2023\\\/01\\\/minivoces.png\\u0022 alt=\\u0022\\u0022 class=\\u0022gallery-item-thumbnail\\u0022\\u003E\\u003C\\\/div\\u003E\\u003Cdiv class=\\u0022gallery-item-caption-wrap caption-style-hoverer eael-slide-up\\u0022\\u003E\\u003Cdiv class=\\u0022gallery-item-hoverer-bg\\u0022\\u003E\\u003C\\\/div\\u003E\\u003Cdiv class=\\u0022gallery-item-caption-over\\u0022\\u003E\\u003Ch5 class=\\u0022fg-item-title\\u0022\\u003EVoces\\u003C\\\/h5\\u003E\\u003Cdiv class=\\u0022fg-item-content\\u0022\\u003E\\u003Cp\\u003ECharlas, debates, conferencias en un tono religioso.\\u003C\\\/p\\u003E\\n\\u003C\\\/div\\u003E\\u003Cdiv class=\\u0022gallery-item-buttons\\u0022\\u003E\\u003Ca href=\\u0022https:\\\/\\\/pruebas.populartvcantabria.com\\\/wp-content\\\/uploads\\\/2023\\\/01\\\/minivoces.png\\u0022 class=\\u0022eael-magnific-link active\\u0022 data-elementor-open-lightbox=\\u0022no\\u0022\\u003E\\u003Cspan class=\\u0022fg-item-icon-inner\\u0022\\u003E\\u003Ci class=\\u0022fas fa-search-plus\\u0022 aria-hidden=\\u0022true\\u0022\\u003E\\u003C\\\/i\\u003E\\u003C\\\/span\\u003E\\n            \\u003C\\\/a\\u003E                \\u003Ca href=\\u0022https:\\\/\\\/pruebas.populartvcantabria.com\\\/index.php\\\/voces\\\/\\u0022\\u003E \\u003Cspan class=\\u0022fg-item-icon-inner\\u0022\\u003E\\u003Ci class=\\u0022fas fa-link\\u0022 aria-hidden=\\u0022true\\u0022\\u003E\\u003C\\\/i\\u003E\\u003C\\\/span\\u003E\\u003C\\\/a\\u003E\\u003C\\\/div\\u003E\\u003C\\\/div\\u003E\\u003C\\\/div\\u003E\\u003C\\\/div\\u003E\\u003C\\\/div\\u003E&quot;,&quot;\\u003Cdiv class=\\u0022eael-filterable-gallery-item-wrap eael-cf-cerca\\u0022\\u003E\\n\\t\\t\\t\\t\\u003Cdiv class=\\u0022eael-gallery-grid-item\\u0022\\u003E\\u003Cdiv class=\\u0022gallery-item-thumbnail-wrap\\u0022\\u003E\\u003Cimg src=\\u0022https:\\\/\\\/pruebas.populartvcantabria.com\\\/wp-content\\\/uploads\\\/2023\\\/01\\\/minicc.png\\u0022 data-lazy-src=\\u0022https:\\\/\\\/pruebas.populartvcantabria.com\\\/wp-content\\\/uploads\\\/2023\\\/01\\\/minicc.png\\u0022 alt=\\u0022\\u0022 class=\\u0022gallery-item-thumbnail\\u0022\\u003E\\u003C\\\/div\\u003E\\u003Cdiv class=\\u0022gallery-item-caption-wrap caption-style-hoverer eael-slide-up\\u0022\\u003E\\u003Cdiv class=\\u0022gallery-item-hoverer-bg\\u0022\\u003E\\u003C\\\/div\\u003E\\u003Cdiv class=\\u0022gallery-item-caption-over\\u0022\\u003E\\u003Ch5 class=\\u0022fg-item-title\\u0022\\u003ECantabria de Cerca\\u003C\\\/h5\\u003E\\u003Cdiv class=\\u0022fg-item-content\\u0022\\u003E\\u003Cp\\u003EEntrevistas a nuestra gente\\u003C\\\/p\\u003E\\n\\u003C\\\/div\\u003E\\u003Cdiv class=\\u0022gallery-item-buttons\\u0022\\u003E\\u003Ca href=\\u0022https:\\\/\\\/pruebas.populartvcantabria.com\\\/wp-content\\\/uploads\\\/2023\\\/01\\\/minicc.png\\u0022 class=\\u0022eael-magnific-link active\\u0022 data-elementor-open-lightbox=\\u0022no\\u0022\\u003E\\u003Cspan class=\\u0022fg-item-icon-inner\\u0022\\u003E\\u003Ci class=\\u0022fas fa-search-plus\\u0022 aria-hidden=\\u0022true\\u0022\\u003E\\u003C\\\/i\\u003E\\u003C\\\/span\\u003E\\n            \\u003C\\\/a\\u003E                \\u003Ca href=\\u0022https:\\\/\\\/pruebas.populartvcantabria.com\\\/index.php\\\/cantabria-de-cerca\\\/\\u0022\\u003E \\u003Cspan class=\\u0022fg-item-icon-inner\\u0022\\u003E\\u003Ci class=\\u0022fas fa-link\\u0022 aria-hidden=\\u0022true\\u0022\\u003E\\u003C\\\/i\\u003E\\u003C\\\/span\\u003E\\u003C\\\/a\\u003E\\u003C\\\/div\\u003E\\u003C\\\/div\\u003E\\u003C\\\/div\\u003E\\u003C\\\/div\\u003E\\u003C\\\/div\\u003E&quot;,&quot;\\u003Cdiv class=\\u0022eael-filterable-gallery-item-wrap eael-cf-comprometidos\\u0022\\u003E\\n\\t\\t\\t\\t\\u003Cdiv class=\\u0022eael-gallery-grid-item\\u0022\\u003E\\u003Cdiv class=\\u0022gallery-item-thumbnail-wrap\\u0022\\u003E\\u003Cimg src=\\u0022https:\\\/\\\/pruebas.populartvcantabria.com\\\/wp-content\\\/uploads\\\/2022\\\/11\\\/careta_comprometidos.jpg\\u0022 data-lazy-src=\\u0022https:\\\/\\\/pruebas.populartvcantabria.com\\\/wp-content\\\/uploads\\\/2022\\\/11\\\/careta_comprometidos.jpg\\u0022 alt=\\u0022\\u0022 class=\\u0022gallery-item-thumbnail\\u0022\\u003E\\u003C\\\/div\\u003E\\u003Cdiv class=\\u0022gallery-item-caption-wrap caption-style-hoverer eael-slide-up\\u0022\\u003E\\u003Cdiv class=\\u0022gallery-item-hoverer-bg\\u0022\\u003E\\u003C\\\/div\\u003E\\u003Cdiv class=\\u0022gallery-item-caption-over\\u0022\\u003E\\u003Ch5 class=\\u0022fg-item-title\\u0022\\u003ECOMPROMETIDOS\\u003C\\\/h5\\u003E\\u003Cdiv class=\\u0022fg-item-content\\u0022\\u003E\\u003Cp\\u003EEl programa social de Popular TV Cantabria\\u003C\\\/p\\u003E\\n\\u003C\\\/div\\u003E\\u003Cdiv class=\\u0022gallery-item-buttons\\u0022\\u003E\\u003Ca href=\\u0022https:\\\/\\\/pruebas.populartvcantabria.com\\\/wp-content\\\/uploads\\\/2022\\\/11\\\/careta_comprometidos.jpg\\u0022 class=\\u0022eael-magnific-link active\\u0022 data-elementor-open-lightbox=\\u0022no\\u0022\\u003E\\u003Cspan class=\\u0022fg-item-icon-inner\\u0022\\u003E\\u003Ci class=\\u0022fas fa-search-plus\\u0022 aria-hidden=\\u0022true\\u0022\\u003E\\u003C\\\/i\\u003E\\u003C\\\/span\\u003E\\n            \\u003C\\\/a\\u003E                \\u003Ca href=\\u0022https:\\\/\\\/pruebas.populartvcantabria.com\\\/index.php\\\/comprometidos\\\/\\u0022\\u003E \\u003Cspan class=\\u0022fg-item-icon-inner\\u0022\\u003E\\u003Ci class=\\u0022fas fa-link\\u0022 aria-hidden=\\u0022true\\u0022\\u003E\\u003C\\\/i\\u003E\\u003C\\\/span\\u003E\\u003C\\\/a\\u003E\\u003C\\\/div\\u003E\\u003C\\\/div\\u003E\\u003C\\\/div\\u003E\\u003C\\\/div\\u003E\\u003C\\\/div\\u003E&quot;,&quot;\\u003Cdiv class=\\u0022eael-filterable-gallery-item-wrap eael-cf-familiarizando\\u0022\\u003E\\n\\t\\t\\t\\t\\u003Cdiv class=\\u0022eael-gallery-grid-item\\u0022\\u003E\\u003Cdiv class=\\u0022gallery-item-thumbnail-wrap\\u0022\\u003E\\u003Cimg src=\\u0022https:\\\/\\\/pruebas.populartvcantabria.com\\\/wp-content\\\/uploads\\\/2022\\\/12\\\/familiarizando.jpg\\u0022 data-lazy-src=\\u0022https:\\\/\\\/pruebas.populartvcantabria.com\\\/wp-content\\\/uploads\\\/2022\\\/12\\\/familiarizando.jpg\\u0022 alt=\\u0022\\u0022 class=\\u0022gallery-item-thumbnail\\u0022\\u003E\\u003C\\\/div\\u003E\\u003Cdiv class=\\u0022gallery-item-caption-wrap caption-style-hoverer eael-slide-up\\u0022\\u003E\\u003Cdiv class=\\u0022gallery-item-hoverer-bg\\u0022\\u003E\\u003C\\\/div\\u003E\\u003Cdiv class=\\u0022gallery-item-caption-over\\u0022\\u003E\\u003Ch5 class=\\u0022fg-item-title\\u0022\\u003EFamiliarizando\\u003C\\\/h5\\u003E\\u003Cdiv class=\\u0022fg-item-content\\u0022\\u003E\\u003Cp\\u003EPrograma sobre la familia.\\u003C\\\/p\\u003E\\n\\u003C\\\/div\\u003E\\u003Cdiv class=\\u0022gallery-item-buttons\\u0022\\u003E\\u003Ca href=\\u0022https:\\\/\\\/pruebas.populartvcantabria.com\\\/wp-content\\\/uploads\\\/2022\\\/12\\\/familiarizando.jpg\\u0022 class=\\u0022eael-magnific-link active\\u0022 data-elementor-open-lightbox=\\u0022no\\u0022\\u003E\\u003Cspan class=\\u0022fg-item-icon-inner\\u0022\\u003E\\u003Ci class=\\u0022fas fa-search-plus\\u0022 aria-hidden=\\u0022true\\u0022\\u003E\\u003C\\\/i\\u003E\\u003C\\\/span\\u003E\\n            \\u003C\\\/a\\u003E                \\u003Ca href=\\u0022https:\\\/\\\/pruebas.populartvcantabria.com\\\/index.php\\\/familiarizando\\\/\\u0022\\u003E \\u003Cspan class=\\u0022fg-item-icon-inner\\u0022\\u003E\\u003Ci class=\\u0022fas fa-link\\u0022 aria-hidden=\\u0022true\\u0022\\u003E\\u003C\\\/i\\u003E\\u003C\\\/span\\u003E\\u003C\\\/a\\u003E\\u003C\\\/div\\u003E\\u003C\\\/div\\u003E\\u003C\\\/div\\u003E\\u003C\\\/div\\u003E\\u003C\\\/div\\u003E&quot;,&quot;\\u003Cdiv class=\\u0022eael-filterable-gallery-item-wrap eael-cf-bolos\\u0022\\u003E\\n\\t\\t\\t\\t\\u003Cdiv class=\\u0022eael-gallery-grid-item\\u0022\\u003E\\u003Cdiv class=\\u0022gallery-item-thumbnail-wrap\\u0022\\u003E\\u003Cimg src=\\u0022https:\\\/\\\/pruebas.populartvcantabria.com\\\/wp-content\\\/uploads\\\/2023\\\/01\\\/Palma-05-bolos-1500x1083-1-e1672659380749.jpeg\\u0022 data-lazy-src=\\u0022https:\\\/\\\/pruebas.populartvcantabria.com\\\/wp-content\\\/uploads\\\/2023\\\/01\\\/Palma-05-bolos-1500x1083-1-e1672659380749.jpeg\\u0022 alt=\\u0022\\u0022 class=\\u0022gallery-item-thumbnail\\u0022\\u003E\\u003C\\\/div\\u003E\\u003Cdiv class=\\u0022gallery-item-caption-wrap caption-style-hoverer eael-slide-up\\u0022\\u003E\\u003Cdiv class=\\u0022gallery-item-hoverer-bg\\u0022\\u003E\\u003C\\\/div\\u003E\\u003Cdiv class=\\u0022gallery-item-caption-over\\u0022\\u003E\\u003Ch5 class=\\u0022fg-item-title\\u0022\\u003EBolos\\u003C\\\/h5\\u003E\\u003Cdiv class=\\u0022gallery-item-buttons\\u0022\\u003E\\u003Ca href=\\u0022https:\\\/\\\/pruebas.populartvcantabria.com\\\/wp-content\\\/uploads\\\/2023\\\/01\\\/Palma-05-bolos-1500x1083-1-e1672659380749.jpeg\\u0022 class=\\u0022eael-magnific-link active\\u0022 data-elementor-open-lightbox=\\u0022no\\u0022\\u003E\\u003Cspan class=\\u0022fg-item-icon-inner\\u0022\\u003E\\u003Ci class=\\u0022fas fa-search-plus\\u0022 aria-hidden=\\u0022true\\u0022\\u003E\\u003C\\\/i\\u003E\\u003C\\\/span\\u003E\\n            \\u003C\\\/a\\u003E                \\u003Ca href=\\u0022https:\\\/\\\/pruebas.populartvcantabria.com\\\/index.php\\\/bolos\\\/\\u0022\\u003E \\u003Cspan class=\\u0022fg-item-icon-inner\\u0022\\u003E\\u003Ci class=\\u0022fas fa-link\\u0022 aria-hidden=\\u0022true\\u0022\\u003E\\u003C\\\/i\\u003E\\u003C\\\/span\\u003E\\u003C\\\/a\\u003E\\u003C\\\/div\\u003E\\u003C\\\/div\\u003E\\u003C\\\/div\\u003E\\u003C\\\/div\\u003E\\u003C\\\/div\\u003E&quot;,&quot;\\u003Cdiv class=\\u0022eael-filterable-gallery-item-wrap eael-cf-pulso\\u0022\\u003E\\n\\t\\t\\t\\t\\u003Cdiv class=\\u0022eael-gallery-grid-item\\u0022\\u003E\\u003Cdiv class=\\u0022gallery-item-thumbnail-wrap\\u0022\\u003E\\u003Cimg src=\\u0022https:\\\/\\\/pruebas.populartvcantabria.com\\\/wp-content\\\/uploads\\\/2022\\\/11\\\/careta_pulso.jpg\\u0022 data-lazy-src=\\u0022https:\\\/\\\/pruebas.populartvcantabria.com\\\/wp-content\\\/uploads\\\/2022\\\/11\\\/careta_pulso.jpg\\u0022 alt=\\u0022\\u0022 class=\\u0022gallery-item-thumbnail\\u0022\\u003E\\u003C\\\/div\\u003E\\u003Cdiv class=\\u0022gallery-item-caption-wrap caption-style-hoverer eael-slide-up\\u0022\\u003E\\u003Cdiv class=\\u0022gallery-item-hoverer-bg\\u0022\\u003E\\u003C\\\/div\\u003E\\u003Cdiv class=\\u0022gallery-item-caption-over\\u0022\\u003E\\u003Ch5 class=\\u0022fg-item-title\\u0022\\u003EPulso Empresarial\\u003C\\\/h5\\u003E\\u003Cdiv class=\\u0022fg-item-content\\u0022\\u003E\\u003Cp\\u003EPrograma de Emprendimiento\u00a0\\u003C\\\/p\\u003E\\n\\u003C\\\/div\\u003E\\u003Cdiv class=\\u0022gallery-item-buttons\\u0022\\u003E\\u003Ca href=\\u0022https:\\\/\\\/pruebas.populartvcantabria.com\\\/wp-content\\\/uploads\\\/2022\\\/11\\\/careta_pulso.jpg\\u0022 class=\\u0022eael-magnific-link active\\u0022 data-elementor-open-lightbox=\\u0022no\\u0022\\u003E\\u003Cspan class=\\u0022fg-item-icon-inner\\u0022\\u003E\\u003Ci class=\\u0022fas fa-search-plus\\u0022 aria-hidden=\\u0022true\\u0022\\u003E\\u003C\\\/i\\u003E\\u003C\\\/span\\u003E\\n            \\u003C\\\/a\\u003E                \\u003Ca href=\\u0022https:\\\/\\\/pruebas.populartvcantabria.com\\\/index.php\\\/pulso-empresarial\\\/\\u0022\\u003E \\u003Cspan class=\\u0022fg-item-icon-inner\\u0022\\u003E\\u003Ci class=\\u0022fas fa-link\\u0022 aria-hidden=\\u0022true\\u0022\\u003E\\u003C\\\/i\\u003E\\u003C\\\/span\\u003E\\u003C\\\/a\\u003E\\u003C\\\/div\\u003E\\u003C\\\/div\\u003E\\u003C\\\/div\\u003E\\u003C\\\/div\\u003E\\u003C\\\/div\\u003E&quot;,&quot;\\u003Cdiv class=\\u0022eael-filterable-gallery-item-wrap eael-cf-cultura\\u0022\\u003E\\n\\t\\t\\t\\t\\u003Cdiv class=\\u0022eael-gallery-grid-item\\u0022\\u003E\\u003Cdiv class=\\u0022gallery-item-thumbnail-wrap\\u0022\\u003E\\u003Cimg src=\\u0022https:\\\/\\\/pruebas.populartvcantabria.com\\\/wp-content\\\/uploads\\\/2023\\\/01\\\/minicccult.png\\u0022 data-lazy-src=\\u0022https:\\\/\\\/pruebas.populartvcantabria.com\\\/wp-content\\\/uploads\\\/2023\\\/01\\\/minicccult.png\\u0022 alt=\\u0022\\u0022 class=\\u0022gallery-item-thumbnail\\u0022\\u003E\\u003C\\\/div\\u003E\\u003Cdiv class=\\u0022gallery-item-caption-wrap caption-style-hoverer eael-slide-up\\u0022\\u003E\\u003Cdiv class=\\u0022gallery-item-hoverer-bg\\u0022\\u003E\\u003C\\\/div\\u003E\\u003Cdiv class=\\u0022gallery-item-caption-over\\u0022\\u003E\\u003Ch5 class=\\u0022fg-item-title\\u0022\\u003ECantabria de Cerca Edici\u00f3n Cultura\\u003C\\\/h5\\u003E\\u003Cdiv class=\\u0022fg-item-content\\u0022\\u003E\\u003Cp\\u003ELas entrevistas a los personajes culturales de Cantabria.\\u003C\\\/p\\u003E\\n\\u003C\\\/div\\u003E\\u003Cdiv class=\\u0022gallery-item-buttons\\u0022\\u003E\\u003Ca href=\\u0022https:\\\/\\\/pruebas.populartvcantabria.com\\\/wp-content\\\/uploads\\\/2023\\\/01\\\/minicccult.png\\u0022 class=\\u0022eael-magnific-link active\\u0022 data-elementor-open-lightbox=\\u0022no\\u0022\\u003E\\u003Cspan class=\\u0022fg-item-icon-inner\\u0022\\u003E\\u003Ci class=\\u0022fas fa-search-plus\\u0022 aria-hidden=\\u0022true\\u0022\\u003E\\u003C\\\/i\\u003E\\u003C\\\/span\\u003E\\n            \\u003C\\\/a\\u003E                \\u003Ca href=\\u0022https:\\\/\\\/pruebas.populartvcantabria.com\\\/index.php\\\/cantabria-de-cerca-edicion-cultura\\\/\\u0022\\u003E \\u003Cspan class=\\u0022fg-item-icon-inner\\u0022\\u003E\\u003Ci class=\\u0022fas fa-link\\u0022 aria-hidden=\\u0022true\\u0022\\u003E\\u003C\\\/i\\u003E\\u003C\\\/span\\u003E\\u003C\\\/a\\u003E\\u003C\\\/div\\u003E\\u003C\\\/div\\u003E\\u003C\\\/div\\u003E\\u003C\\\/div\\u003E\\u003C\\\/div\\u003E&quot;,&quot;\\u003Cdiv class=\\u0022eael-filterable-gallery-item-wrap eael-cf-svs\\u0022\\u003E\\n\\t\\t\\t\\t\\u003Cdiv class=\\u0022eael-gallery-grid-item\\u0022\\u003E\\u003Cdiv class=\\u0022gallery-item-thumbnail-wrap\\u0022\\u003E\\u003Cimg src=\\u0022https:\\\/\\\/pruebas.populartvcantabria.com\\\/wp-content\\\/uploads\\\/2023\\\/01\\\/SVS-fotop.jpg\\u0022 data-lazy-src=\\u0022https:\\\/\\\/pruebas.populartvcantabria.com\\\/wp-content\\\/uploads\\\/2023\\\/01\\\/SVS-fotop.jpg\\u0022 alt=\\u0022\\u0022 class=\\u0022gallery-item-thumbnail\\u0022\\u003E\\u003C\\\/div\\u003E\\u003Cdiv class=\\u0022gallery-item-caption-wrap caption-style-hoverer eael-slide-up\\u0022\\u003E\\u003Cdiv class=\\u0022gallery-item-hoverer-bg\\u0022\\u003E\\u003C\\\/div\\u003E\\u003Cdiv class=\\u0022gallery-item-caption-over\\u0022\\u003E\\u003Ch5 class=\\u0022fg-item-title\\u0022\\u003ESVS\\u003C\\\/h5\\u003E\\u003Cdiv class=\\u0022gallery-item-buttons\\u0022\\u003E\\u003Ca href=\\u0022https:\\\/\\\/pruebas.populartvcantabria.com\\\/wp-content\\\/uploads\\\/2023\\\/01\\\/SVS-fotop.jpg\\u0022 class=\\u0022eael-magnific-link active\\u0022 data-elementor-open-lightbox=\\u0022no\\u0022\\u003E\\u003Cspan class=\\u0022fg-item-icon-inner\\u0022\\u003E\\u003Ci class=\\u0022fas fa-search-plus\\u0022 aria-hidden=\\u0022true\\u0022\\u003E\\u003C\\\/i\\u003E\\u003C\\\/span\\u003E\\n            \\u003C\\\/a\\u003E                \\u003Ca href=\\u0022https:\\\/\\\/pruebas.populartvcantabria.com\\\/index.php\\\/svs\\\/\\u0022\\u003E \\u003Cspan class=\\u0022fg-item-icon-inner\\u0022\\u003E\\u003Ci class=\\u0022fas fa-link\\u0022 aria-hidden=\\u0022true\\u0022\\u003E\\u003C\\\/i\\u003E\\u003C\\\/span\\u003E\\u003C\\\/a\\u003E\\u003C\\\/div\\u003E\\u003C\\\/div\\u003E\\u003C\\\/div\\u003E\\u003C\\\/div\\u003E\\u003C\\\/div\\u003E&quot;,&quot;\\u003Cdiv class=\\u0022eael-filterable-gallery-item-wrap eael-cf-ganaderos\\u0022\\u003E\\n\\t\\t\\t\\t\\u003Cdiv class=\\u0022eael-gallery-grid-item\\u0022\\u003E\\u003Cdiv class=\\u0022gallery-item-thumbnail-wrap\\u0022\\u003E\\u003Cimg src=\\u0022https:\\\/\\\/pruebas.populartvcantabria.com\\\/wp-content\\\/uploads\\\/2023\\\/01\\\/careta_ganaderos.jpg\\u0022 data-lazy-src=\\u0022https:\\\/\\\/pruebas.populartvcantabria.com\\\/wp-content\\\/uploads\\\/2023\\\/01\\\/careta_ganaderos.jpg\\u0022 alt=\\u0022\\u0022 class=\\u0022gallery-item-thumbnail\\u0022\\u003E\\u003C\\\/div\\u003E\\u003Cdiv class=\\u0022gallery-item-caption-wrap caption-style-hoverer eael-slide-up\\u0022\\u003E\\u003Cdiv class=\\u0022gallery-item-hoverer-bg\\u0022\\u003E\\u003C\\\/div\\u003E\\u003Cdiv class=\\u0022gallery-item-caption-over\\u0022\\u003E\\u003Ch5 class=\\u0022fg-item-title\\u0022\\u003EGanaderos en su h\u00e1bitat\\u003C\\\/h5\\u003E\\u003Cdiv class=\\u0022gallery-item-buttons\\u0022\\u003E\\u003Ca href=\\u0022https:\\\/\\\/pruebas.populartvcantabria.com\\\/wp-content\\\/uploads\\\/2023\\\/01\\\/careta_ganaderos.jpg\\u0022 class=\\u0022eael-magnific-link active\\u0022 data-elementor-open-lightbox=\\u0022no\\u0022\\u003E\\u003Cspan class=\\u0022fg-item-icon-inner\\u0022\\u003E\\u003Ci class=\\u0022fas fa-search-plus\\u0022 aria-hidden=\\u0022true\\u0022\\u003E\\u003C\\\/i\\u003E\\u003C\\\/span\\u003E\\n            \\u003C\\\/a\\u003E                \\u003Ca href=\\u0022https:\\\/\\\/pruebas.populartvcantabria.com\\\/index.php\\\/ganaderos-en-su-habitat\\\/\\u0022\\u003E \\u003Cspan class=\\u0022fg-item-icon-inner\\u0022\\u003E\\u003Ci class=\\u0022fas fa-link\\u0022 aria-hidden=\\u0022true\\u0022\\u003E\\u003C\\\/i\\u003E\\u003C\\\/span\\u003E\\u003C\\\/a\\u003E\\u003C\\\/div\\u003E\\u003C\\\/div\\u003E\\u003C\\\/div\\u003E\\u003C\\\/div\\u003E\\u003C\\\/div\\u003E&quot;,&quot;\\u003Cdiv class=\\u0022eael-filterable-gallery-item-wrap eael-cf-pueblos-y-tradiciones\\u0022\\u003E\\n\\t\\t\\t\\t\\u003Cdiv class=\\u0022eael-gallery-grid-item\\u0022\\u003E\\u003Cdiv class=\\u0022gallery-item-thumbnail-wrap\\u0022\\u003E\\u003Cimg src=\\u0022https:\\\/\\\/pruebas.populartvcantabria.com\\\/wp-content\\\/uploads\\\/2023\\\/01\\\/Captura-de-Pantalla-2023-01-02-a-las-12.41.00.png\\u0022 data-lazy-src=\\u0022https:\\\/\\\/pruebas.populartvcantabria.com\\\/wp-content\\\/uploads\\\/2023\\\/01\\\/Captura-de-Pantalla-2023-01-02-a-las-12.41.00.png\\u0022 alt=\\u0022\\u0022 class=\\u0022gallery-item-thumbnail\\u0022\\u003E\\u003C\\\/div\\u003E\\u003Cdiv class=\\u0022gallery-item-caption-wrap caption-style-hoverer eael-slide-up\\u0022\\u003E\\u003Cdiv class=\\u0022gallery-item-hoverer-bg\\u0022\\u003E\\u003C\\\/div\\u003E\\u003Cdiv class=\\u0022gallery-item-caption-over\\u0022\\u003E\\u003Ch5 class=\\u0022fg-item-title\\u0022\\u003EPueblos y tradiciones\\u003C\\\/h5\\u003E\\u003Cdiv class=\\u0022gallery-item-buttons\\u0022\\u003E\\u003Ca href=\\u0022https:\\\/\\\/pruebas.populartvcantabria.com\\\/wp-content\\\/uploads\\\/2023\\\/01\\\/Captura-de-Pantalla-2023-01-02-a-las-12.41.00.png\\u0022 class=\\u0022eael-magnific-link active\\u0022 data-elementor-open-lightbox=\\u0022no\\u0022\\u003E\\u003Cspan class=\\u0022fg-item-icon-inner\\u0022\\u003E\\u003Ci class=\\u0022fas fa-search-plus\\u0022 aria-hidden=\\u0022true\\u0022\\u003E\\u003C\\\/i\\u003E\\u003C\\\/span\\u003E\\n            \\u003C\\\/a\\u003E                \\u003Ca href=\\u0022https:\\\/\\\/pruebas.populartvcantabria.com\\\/index.php\\\/pueblos-y-tradiciones\\u0022\\u003E \\u003Cspan class=\\u0022fg-item-icon-inner\\u0022\\u003E\\u003Ci class=\\u0022fas fa-link\\u0022 aria-hidden=\\u0022true\\u0022\\u003E\\u003C\\\/i\\u003E\\u003C\\\/span\\u003E\\u003C\\\/a\\u003E\\u003C\\\/div\\u003E\\u003C\\\/div\\u003E\\u003C\\\/div\\u003E\\u003C\\\/div\\u003E\\u003C\\\/div\\u003E&quot;,&quot;\\u003Cdiv class=\\u0022eael-filterable-gallery-item-wrap eael-cf-nuestra-comarca\\u0022\\u003E\\n\\t\\t\\t\\t\\u003Cdiv class=\\u0022eael-gallery-grid-item\\u0022\\u003E\\u003Cdiv class=\\u0022gallery-item-thumbnail-wrap\\u0022\\u003E\\u003Cimg src=\\u0022https:\\\/\\\/pruebas.populartvcantabria.com\\\/wp-content\\\/uploads\\\/2023\\\/01\\\/Nuestra-Comarca-miniatura.jpg\\u0022 data-lazy-src=\\u0022https:\\\/\\\/pruebas.populartvcantabria.com\\\/wp-content\\\/uploads\\\/2023\\\/01\\\/Nuestra-Comarca-miniatura.jpg\\u0022 alt=\\u0022\\u0022 class=\\u0022gallery-item-thumbnail\\u0022\\u003E\\u003C\\\/div\\u003E\\u003Cdiv class=\\u0022gallery-item-caption-wrap caption-style-hoverer eael-slide-up\\u0022\\u003E\\u003Cdiv class=\\u0022gallery-item-hoverer-bg\\u0022\\u003E\\u003C\\\/div\\u003E\\u003Cdiv class=\\u0022gallery-item-caption-over\\u0022\\u003E\\u003Ch5 class=\\u0022fg-item-title\\u0022\\u003ENuestra Comarca\\u003C\\\/h5\\u003E\\u003Cdiv class=\\u0022gallery-item-buttons\\u0022\\u003E\\u003Ca href=\\u0022https:\\\/\\\/pruebas.populartvcantabria.com\\\/wp-content\\\/uploads\\\/2023\\\/01\\\/Nuestra-Comarca-miniatura.jpg\\u0022 class=\\u0022eael-magnific-link active\\u0022 data-elementor-open-lightbox=\\u0022no\\u0022\\u003E\\u003Cspan class=\\u0022fg-item-icon-inner\\u0022\\u003E\\u003Ci class=\\u0022fas fa-search-plus\\u0022 aria-hidden=\\u0022true\\u0022\\u003E\\u003C\\\/i\\u003E\\u003C\\\/span\\u003E\\n            \\u003C\\\/a\\u003E                \\u003Ca href=\\u0022https:\\\/\\\/pruebas.populartvcantabria.com\\\/index.php\\\/nuestra-comarca\\\/\\u0022\\u003E \\u003Cspan class=\\u0022fg-item-icon-inner\\u0022\\u003E\\u003Ci class=\\u0022fas fa-link\\u0022 aria-hidden=\\u0022true\\u0022\\u003E\\u003C\\\/i\\u003E\\u003C\\\/span\\u003E\\u003C\\\/a\\u003E\\u003C\\\/div\\u003E\\u003C\\\/div\\u003E\\u003C\\\/div\\u003E\\u003C\\\/div\\u003E\\u003C\\\/div\\u003E&quot;]\" data-init-show=\"6\">\n                <div class=\"eael-filterable-gallery-item-wrap\">\n\t\t\t\t<div class=\"eael-gallery-grid-item\"><div class=\"gallery-item-thumbnail-wrap\"><img decoding=\"async\" src=\"https:\/\/pruebas.populartvcantabria.com\/wp-content\/uploads\/2022\/10\/careta_caminando-1024x576-1.jpg\" data-lazy-src=\"https:\/\/pruebas.populartvcantabria.com\/wp-content\/uploads\/2022\/10\/careta_caminando-1024x576-1.jpg\" alt=\"\" class=\"gallery-item-thumbnail\"><\/div><div class=\"gallery-item-caption-wrap caption-style-hoverer eael-slide-up\"><div class=\"gallery-item-hoverer-bg\"><\/div><div class=\"gallery-item-caption-over\"><h5 class=\"fg-item-title\">CAMINANDO<\/h5><div class=\"fg-item-content\"><p>El programa religioso de la Di\u00f3cesis de Santander<\/p>\n<\/div><div class=\"gallery-item-buttons\"><a href=\"https:\/\/pruebas.populartvcantabria.com\/wp-content\/uploads\/2022\/10\/careta_caminando-1024x576-1.jpg\" class=\"eael-magnific-link active\" data-elementor-open-lightbox=\"no\"><span class=\"fg-item-icon-inner\"><i class=\"fas fa-search-plus\" aria-hidden=\"true\"><\/i><\/span>\n            <\/a>                <a href=\"https:\/\/pruebas.populartvcantabria.com\/index.php\/caminando\/\"> <span class=\"fg-item-icon-inner\"><i class=\"fas fa-link\" aria-hidden=\"true\"><\/i><\/span><\/a><\/div><\/div><\/div><\/div><\/div><div class=\"eael-filterable-gallery-item-wrap eael-cf-informativo\">\n\t\t\t\t<div class=\"eael-gallery-grid-item\"><div class=\"gallery-item-thumbnail-wrap\"><img decoding=\"async\" src=\"https:\/\/pruebas.populartvcantabria.com\/wp-content\/uploads\/2022\/10\/infor230-1024x576-1.jpg\" data-lazy-src=\"https:\/\/pruebas.populartvcantabria.com\/wp-content\/uploads\/2022\/10\/infor230-1024x576-1.jpg\" alt=\"\" class=\"gallery-item-thumbnail\"><\/div><div class=\"gallery-item-caption-wrap caption-style-hoverer eael-slide-up\"><div class=\"gallery-item-hoverer-bg\"><\/div><div class=\"gallery-item-caption-over\"><h5 class=\"fg-item-title\">Informativo PTV<\/h5><div class=\"fg-item-content\"><p>Toda la actualidad de la regi\u00f3n.<\/p>\n<\/div><div class=\"gallery-item-buttons\"><a href=\"https:\/\/pruebas.populartvcantabria.com\/wp-content\/uploads\/2022\/10\/infor230-1024x576-1.jpg\" class=\"eael-magnific-link active\" data-elementor-open-lightbox=\"no\"><span class=\"fg-item-icon-inner\"><i class=\"fas fa-search-plus\" aria-hidden=\"true\"><\/i><\/span>\n            <\/a>                <a href=\"https:\/\/pruebas.populartvcantabria.com\/index.php\/informativo\/\"> <span class=\"fg-item-icon-inner\"><i class=\"fas fa-link\" aria-hidden=\"true\"><\/i><\/span><\/a><\/div><\/div><\/div><\/div><\/div><div class=\"eael-filterable-gallery-item-wrap eael-cf-silencio\">\n\t\t\t\t<div class=\"eael-gallery-grid-item\"><div class=\"gallery-item-thumbnail-wrap\"><img decoding=\"async\" src=\"https:\/\/pruebas.populartvcantabria.com\/wp-content\/uploads\/2022\/11\/careta_pueblos.jpg\" data-lazy-src=\"https:\/\/pruebas.populartvcantabria.com\/wp-content\/uploads\/2022\/11\/careta_pueblos.jpg\" alt=\"\" class=\"gallery-item-thumbnail\"><\/div><div class=\"gallery-item-caption-wrap caption-style-hoverer eael-slide-up\"><div class=\"gallery-item-hoverer-bg\"><\/div><div class=\"gallery-item-caption-over\"><h5 class=\"fg-item-title\">El silencio de un pueblo<\/h5><div class=\"fg-item-content\"><p>Conoce los pueblos m\u00e1s ocultos de Cantabria<\/p>\n<\/div><div class=\"gallery-item-buttons\"><a href=\"https:\/\/pruebas.populartvcantabria.com\/wp-content\/uploads\/2022\/11\/careta_pueblos.jpg\" class=\"eael-magnific-link active\" data-elementor-open-lightbox=\"no\"><span class=\"fg-item-icon-inner\"><i class=\"fas fa-search-plus\" aria-hidden=\"true\"><\/i><\/span>\n            <\/a>                <a href=\"https:\/\/pruebas.populartvcantabria.com\/index.php\/silencio-pueblo\/\"> <span class=\"fg-item-icon-inner\"><i class=\"fas fa-link\" aria-hidden=\"true\"><\/i><\/span><\/a><\/div><\/div><\/div><\/div><\/div><div class=\"eael-filterable-gallery-item-wrap eael-cf-voces\">\n\t\t\t\t<div class=\"eael-gallery-grid-item\"><div class=\"gallery-item-thumbnail-wrap\"><img decoding=\"async\" src=\"https:\/\/pruebas.populartvcantabria.com\/wp-content\/uploads\/2023\/01\/minivoces.png\" data-lazy-src=\"https:\/\/pruebas.populartvcantabria.com\/wp-content\/uploads\/2023\/01\/minivoces.png\" alt=\"\" class=\"gallery-item-thumbnail\"><\/div><div class=\"gallery-item-caption-wrap caption-style-hoverer eael-slide-up\"><div class=\"gallery-item-hoverer-bg\"><\/div><div class=\"gallery-item-caption-over\"><h5 class=\"fg-item-title\">Voces<\/h5><div class=\"fg-item-content\"><p>Charlas, debates, conferencias en un tono religioso.<\/p>\n<\/div><div class=\"gallery-item-buttons\"><a href=\"https:\/\/pruebas.populartvcantabria.com\/wp-content\/uploads\/2023\/01\/minivoces.png\" class=\"eael-magnific-link active\" data-elementor-open-lightbox=\"no\"><span class=\"fg-item-icon-inner\"><i class=\"fas fa-search-plus\" aria-hidden=\"true\"><\/i><\/span>\n            <\/a>                <a href=\"https:\/\/pruebas.populartvcantabria.com\/index.php\/voces\/\"> <span class=\"fg-item-icon-inner\"><i class=\"fas fa-link\" aria-hidden=\"true\"><\/i><\/span><\/a><\/div><\/div><\/div><\/div><\/div><div class=\"eael-filterable-gallery-item-wrap eael-cf-cerca\">\n\t\t\t\t<div class=\"eael-gallery-grid-item\"><div class=\"gallery-item-thumbnail-wrap\"><img decoding=\"async\" src=\"https:\/\/pruebas.populartvcantabria.com\/wp-content\/uploads\/2023\/01\/minicc.png\" data-lazy-src=\"https:\/\/pruebas.populartvcantabria.com\/wp-content\/uploads\/2023\/01\/minicc.png\" alt=\"\" class=\"gallery-item-thumbnail\"><\/div><div class=\"gallery-item-caption-wrap caption-style-hoverer eael-slide-up\"><div class=\"gallery-item-hoverer-bg\"><\/div><div class=\"gallery-item-caption-over\"><h5 class=\"fg-item-title\">Cantabria de Cerca<\/h5><div class=\"fg-item-content\"><p>Entrevistas a nuestra gente<\/p>\n<\/div><div class=\"gallery-item-buttons\"><a href=\"https:\/\/pruebas.populartvcantabria.com\/wp-content\/uploads\/2023\/01\/minicc.png\" class=\"eael-magnific-link active\" data-elementor-open-lightbox=\"no\"><span class=\"fg-item-icon-inner\"><i class=\"fas fa-search-plus\" aria-hidden=\"true\"><\/i><\/span>\n            <\/a>                <a href=\"https:\/\/pruebas.populartvcantabria.com\/index.php\/cantabria-de-cerca\/\"> <span class=\"fg-item-icon-inner\"><i class=\"fas fa-link\" aria-hidden=\"true\"><\/i><\/span><\/a><\/div><\/div><\/div><\/div><\/div><div class=\"eael-filterable-gallery-item-wrap eael-cf-comprometidos\">\n\t\t\t\t<div class=\"eael-gallery-grid-item\"><div class=\"gallery-item-thumbnail-wrap\"><img decoding=\"async\" src=\"https:\/\/pruebas.populartvcantabria.com\/wp-content\/uploads\/2022\/11\/careta_comprometidos.jpg\" data-lazy-src=\"https:\/\/pruebas.populartvcantabria.com\/wp-content\/uploads\/2022\/11\/careta_comprometidos.jpg\" alt=\"\" class=\"gallery-item-thumbnail\"><\/div><div class=\"gallery-item-caption-wrap caption-style-hoverer eael-slide-up\"><div class=\"gallery-item-hoverer-bg\"><\/div><div class=\"gallery-item-caption-over\"><h5 class=\"fg-item-title\">COMPROMETIDOS<\/h5><div class=\"fg-item-content\"><p>El programa social de Popular TV Cantabria<\/p>\n<\/div><div class=\"gallery-item-buttons\"><a href=\"https:\/\/pruebas.populartvcantabria.com\/wp-content\/uploads\/2022\/11\/careta_comprometidos.jpg\" class=\"eael-magnific-link active\" data-elementor-open-lightbox=\"no\"><span class=\"fg-item-icon-inner\"><i class=\"fas fa-search-plus\" aria-hidden=\"true\"><\/i><\/span>\n            <\/a>                <a href=\"https:\/\/pruebas.populartvcantabria.com\/index.php\/comprometidos\/\"> <span class=\"fg-item-icon-inner\"><i class=\"fas fa-link\" aria-hidden=\"true\"><\/i><\/span><\/a><\/div><\/div><\/div><\/div><\/div>            <\/div>\n            \n                        <div class=\"eael-filterable-gallery-loadmore\">\n                <a href=\"#\" class=\"eael-gallery-load-more elementor-button elementor-size-sm\">\n                    <span class=\"eael-btn-loader\"><\/span>\n                                        <span class=\"eael-filterable-gallery-load-more-text\">\n                        Cargar m\u00e1s                    <\/span>\n                                                                                                        <span class=\"eael-filterable-gallery-load-more-icon fg-load-more-icon-right \" aria-hidden=\"true\"><\/span>\n                                                                                        <\/a>\n            <\/div>\n                <\/div>\n        \n        \t\t<\/div>\n\t\t\t\t<\/div>\n\t\t\t\t\t<\/div>\n\t\t<\/div>\n\t\t\t\t\t\t\t<\/div>\n\t\t<\/section>\n\t\t\t\t<section class=\"elementor-section elementor-top-section elementor-element elementor-element-a3b4356 elementor-section-full_width elementor-section-stretched elementor-section-height-default elementor-section-height-default\" data-id=\"a3b4356\" data-element_type=\"section\" data-settings=\"{&quot;stretch_section&quot;:&quot;section-stretched&quot;}\">\n\t\t\t\t\t\t<div class=\"elementor-container elementor-column-gap-default\">\n\t\t\t\t\t<div class=\"elementor-column elementor-col-33 elementor-top-column elementor-element elementor-element-59577aa\" data-id=\"59577aa\" data-element_type=\"column\">\n\t\t\t<div class=\"elementor-widget-wrap elementor-element-populated\">\n\t\t\t\t\t\t\t\t<div class=\"elementor-element elementor-element-423f4fe elementor-aspect-ratio-169 elementor-widget elementor-widget-video\" data-id=\"423f4fe\" data-element_type=\"widget\" data-settings=\"{&quot;youtube_url&quot;:&quot;https:\\\/\\\/www.youtube.com\\\/watch?v=KefMxfFFbwU&quot;,&quot;video_type&quot;:&quot;youtube&quot;,&quot;controls&quot;:&quot;yes&quot;,&quot;aspect_ratio&quot;:&quot;169&quot;}\" data-widget_type=\"video.default\">\n\t\t\t\t<div class=\"elementor-widget-container\">\n\t\t\t<style>\/*! elementor - v3.7.8 - 02-10-2022 *\/\n.elementor-widget-video .elementor-widget-container{overflow:hidden;-webkit-transform:translateZ(0);transform:translateZ(0)}.elementor-widget-video .elementor-open-inline .elementor-custom-embed-image-overlay{position:absolute;top:0;left:0;width:100%;height:100%;background-size:cover;background-position:50%}.elementor-widget-video .elementor-custom-embed-image-overlay{cursor:pointer;text-align:center}.elementor-widget-video .elementor-custom-embed-image-overlay:hover .elementor-custom-embed-play i{opacity:1}.elementor-widget-video .elementor-custom-embed-image-overlay img{display:block;width:100%}.elementor-widget-video .e-hosted-video .elementor-video{-o-object-fit:cover;object-fit:cover}.e-container>.elementor-widget-video{width:var(--container-widget-width,100%)}<\/style>\t\t<div class=\"elementor-wrapper elementor-fit-aspect-ratio elementor-open-inline\">\n\t\t\t<div class=\"elementor-video\"><\/div>\t\t<\/div>\n\t\t\t\t<\/div>\n\t\t\t\t<\/div>\n\t\t\t\t\t<\/div>\n\t\t<\/div>\n\t\t\t\t<div class=\"elementor-column elementor-col-33 elementor-top-column elementor-element elementor-element-defd51b\" data-id=\"defd51b\" data-element_type=\"column\">\n\t\t\t<div class=\"elementor-widget-wrap elementor-element-populated\">\n\t\t\t\t\t\t\t\t<div class=\"elementor-element elementor-element-f471971 elementor-aspect-ratio-169 elementor-widget elementor-widget-video\" data-id=\"f471971\" data-element_type=\"widget\" data-settings=\"{&quot;youtube_url&quot;:&quot;https:\\\/\\\/www.youtube.com\\\/watch?v=ZaSNeBQti00&quot;,&quot;video_type&quot;:&quot;youtube&quot;,&quot;controls&quot;:&quot;yes&quot;,&quot;aspect_ratio&quot;:&quot;169&quot;}\" data-widget_type=\"video.default\">\n\t\t\t\t<div class=\"elementor-widget-container\">\n\t\t\t\t\t<div class=\"elementor-wrapper elementor-fit-aspect-ratio elementor-open-inline\">\n\t\t\t<div class=\"elementor-video\"><\/div>\t\t<\/div>\n\t\t\t\t<\/div>\n\t\t\t\t<\/div>\n\t\t\t\t\t<\/div>\n\t\t<\/div>\n\t\t\t\t<div class=\"elementor-column elementor-col-33 elementor-top-column elementor-element elementor-element-1b86a64\" data-id=\"1b86a64\" data-element_type=\"column\">\n\t\t\t<div class=\"elementor-widget-wrap elementor-element-populated\">\n\t\t\t\t\t\t\t\t<div class=\"elementor-element elementor-element-a2f46e8 elementor-aspect-ratio-169 elementor-widget elementor-widget-video\" data-id=\"a2f46e8\" data-element_type=\"widget\" data-settings=\"{&quot;youtube_url&quot;:&quot;https:\\\/\\\/www.youtube.com\\\/watch?v=r-21DaIpuYc&quot;,&quot;video_type&quot;:&quot;youtube&quot;,&quot;controls&quot;:&quot;yes&quot;,&quot;aspect_ratio&quot;:&quot;169&quot;}\" data-widget_type=\"video.default\">\n\t\t\t\t<div class=\"elementor-widget-container\">\n\t\t\t\t\t<div class=\"elementor-wrapper elementor-fit-aspect-ratio elementor-open-inline\">\n\t\t\t<div class=\"elementor-video\"><\/div>\t\t<\/div>\n\t\t\t\t<\/div>\n\t\t\t\t<\/div>\n\t\t\t\t\t<\/div>\n\t\t<\/div>\n\t\t\t\t\t\t\t<\/div>\n\t\t<\/section>\n\t\t\t\t<section class=\"elementor-section elementor-top-section elementor-element elementor-element-f63467b elementor-section-full_width elementor-section-height-default elementor-section-height-default\" data-id=\"f63467b\" data-element_type=\"section\">\n\t\t\t\t\t\t<div class=\"elementor-container elementor-column-gap-default\">\n\t\t\t\t\t<div class=\"elementor-column elementor-col-50 elementor-top-column elementor-element elementor-element-ef9cbbc\" data-id=\"ef9cbbc\" data-element_type=\"column\">\n\t\t\t<div class=\"elementor-widget-wrap elementor-element-populated\">\n\t\t\t\t\t\t\t\t<div class=\"elementor-element elementor-element-ebaa9ce elementor-widget elementor-widget-text-editor\" data-id=\"ebaa9ce\" data-element_type=\"widget\" data-widget_type=\"text-editor.default\">\n\t\t\t\t<div class=\"elementor-widget-container\">\n\t\t\t<style>\/*! elementor - v3.7.8 - 02-10-2022 *\/\n.elementor-widget-text-editor.elementor-drop-cap-view-stacked .elementor-drop-cap{background-color:#818a91;color:#fff}.elementor-widget-text-editor.elementor-drop-cap-view-framed .elementor-drop-cap{color:#818a91;border:3px solid;background-color:transparent}.elementor-widget-text-editor:not(.elementor-drop-cap-view-default) .elementor-drop-cap{margin-top:8px}.elementor-widget-text-editor:not(.elementor-drop-cap-view-default) .elementor-drop-cap-letter{width:1em;height:1em}.elementor-widget-text-editor .elementor-drop-cap{float:left;text-align:center;line-height:1;font-size:50px}.elementor-widget-text-editor .elementor-drop-cap-letter{display:inline-block}<\/style>\t\t\t\t<style type=\"text\/css\">.zoom-instagram.feed-155{font-size:14px!important;background-color:#ffffff!important;padding:1px!important;}.zoom-instagram.feed-155 .zoom-instagram-widget__items{display:grid!important;grid-template-columns:repeat(3,1fr);}.zoom-instagram.feed-155 .zoom-instagram-widget__items{gap:10px!important;}.zoom-instagram.feed-155 .wpz-insta-view-on-insta-button{background-color:#1e73be!important;}<\/style>\n<div class=\"zoom-instagram feed-155 layout-grid columns-3 with-lightbox spacing-10 perpage-3\"><header class=\"zoom-instagram-widget__header\"><div class=\"zoom-instagram-widget__header-column-left\"><img decoding=\"async\" src=\"https:\/\/pruebas.populartvcantabria.com\/wp-content\/plugins\/instagram-widget-by-wpzoom\/dist\/images\/backend\/icon-insta.png\" alt=\"@ptvcantabria\" width=\"70\"\/><\/div><div class=\"zoom-instagram-widget__header-column-right\"><h5 class=\"zoom-instagram-widget__header-name\"><\/h5><p class=\"zoom-instagram-widget__header-user\"><a href=\"https:\/\/www.instagram.com\/ptvcantabria\" target=\"_blank\" rel=\"nofollow\">@ptvcantabria<\/a><\/p><div class=\"zoom-instagram-widget__header-bio\"><\/div><\/div><\/header><div class=\"zoom-instagram-widget__items-wrapper\"><ul class=\"zoom-instagram-widget__items zoom-instagram-widget__items--no-js layout-grid\" data-layout=\"grid\" data-columns=\"3\" data-lightbox=\"1\" data-spacing=\"10\" data-perpage=\"3\"><li class=\"zoom-instagram-widget__item media-icons-normal media-icons-hover\" data-media-type=\"video\"><div class=\"zoom-instagram-widget__item-inner-wrap\"><img loading=\"lazy\" decoding=\"async\" src=\"https:\/\/pruebas.populartvcantabria.com\/wp-content\/uploads\/2022\/10\/317728050_464884565791382_6929949380517577043_n-320x180.jpg\" width=\"320\" height=\"180\" alt=\"Vuelve #NuestraComarca. Hoy hablaremos de la visita de la Ministra de \nTransporte, la celebraci\u00f3n del #D\u00edadelaInfacia y las #CiudadesEducadoras \no la \u00faltima cita de Oto\u00f1o de Teatro, entre muchos otros temas. Ser\u00e1 a \npartir de las 21.00, pero primero os dejamos un avance.\" \/><div class=\"hover-layout zoom-instagram-widget__overlay zoom-instagram-widget__black \"><svg class=\"svg-icon\" shape-rendering=\"geometricPrecision\"><use xlink:href=\"https:\/\/pruebas.populartvcantabria.com\/wp-content\/plugins\/instagram-widget-by-wpzoom\/dist\/images\/frontend\/wpzoom-instagram-icons.svg#video\"><\/use><\/svg><div class=\"zoom-instagram-icon-wrap\"><a class=\"zoom-svg-instagram-stroke\" href=\"https:\/\/www.instagram.com\/tv\/ClqngoworkR\/\" rel=\"noopener nofollow\" target=\"_blank\" title=\"Vuelve #NuestraComarca. Hoy hablaremos de la visita de la Ministra de \nTransporte, la celebraci\u00f3n del #D\u00edadelaInfacia y las #CiudadesEducadoras \no la \u00faltima cita de Oto\u00f1o de Teatro, entre muchos otros temas. Ser\u00e1 a \npartir de las 21.00, pero primero os dejamos un avance.\"><\/a><\/div>\n    \t\t\t\t\t<a class=\"zoom-instagram-link\" data-src=\"https:\/\/pruebas.populartvcantabria.com\/wp-content\/uploads\/2022\/10\/317728050_464884565791382_6929949380517577043_n-320x180.jpg\" data-mfp-src=\"17988310915632683\" href=\"https:\/\/www.instagram.com\/tv\/ClqngoworkR\/\" target=\"_blank\" rel=\"noopener nofollow\" title=\"Vuelve #NuestraComarca. Hoy hablaremos de la visita de la Ministra de \nTransporte, la celebraci\u00f3n del #D\u00edadelaInfacia y las #CiudadesEducadoras \no la \u00faltima cita de Oto\u00f1o de Teatro, entre muchos otros temas. Ser\u00e1 a \npartir de las 21.00, pero primero os dejamos un avance.\"><\/a>\n    \t\t\t\t\t<\/div><\/div><\/li><li class=\"zoom-instagram-widget__item media-icons-normal media-icons-hover\" data-media-type=\"carousel_album\"><div class=\"zoom-instagram-widget__item-inner-wrap\"><img loading=\"lazy\" decoding=\"async\" src=\"https:\/\/pruebas.populartvcantabria.com\/wp-content\/uploads\/2022\/10\/315299715_548807257250792_5869703745343118295_n-320x169.jpg\" width=\"320\" height=\"169\" alt=\"No te pierdas a las 21:30 el especial Fiesta del Orujo 2022!\n\nhttps:\/\/youtu.be\/LCTr-wh6018\" \/><div class=\"hover-layout zoom-instagram-widget__overlay zoom-instagram-widget__black \"><svg class=\"svg-icon\" shape-rendering=\"geometricPrecision\"><use xlink:href=\"https:\/\/pruebas.populartvcantabria.com\/wp-content\/plugins\/instagram-widget-by-wpzoom\/dist\/images\/frontend\/wpzoom-instagram-icons.svg#carousel_album\"><\/use><\/svg><div class=\"zoom-instagram-icon-wrap\"><a class=\"zoom-svg-instagram-stroke\" href=\"https:\/\/www.instagram.com\/p\/Ck9AYL6J1lo\/\" rel=\"noopener nofollow\" target=\"_blank\" title=\"No te pierdas a las 21:30 el especial Fiesta del Orujo 2022!\n\nhttps:\/\/youtu.be\/LCTr-wh6018\"><\/a><\/div>\n    \t\t\t\t\t<a class=\"zoom-instagram-link\" data-src=\"https:\/\/pruebas.populartvcantabria.com\/wp-content\/uploads\/2022\/10\/315299715_548807257250792_5869703745343118295_n-320x169.jpg\" data-mfp-src=\"17965571516055534\" href=\"https:\/\/www.instagram.com\/p\/Ck9AYL6J1lo\/\" target=\"_blank\" rel=\"noopener nofollow\" title=\"No te pierdas a las 21:30 el especial Fiesta del Orujo 2022!\n\nhttps:\/\/youtu.be\/LCTr-wh6018\"><\/a>\n    \t\t\t\t\t<\/div><\/div><\/li><li class=\"zoom-instagram-widget__item media-icons-normal media-icons-hover\" data-media-type=\"image\"><div class=\"zoom-instagram-widget__item-inner-wrap\"><img loading=\"lazy\" decoding=\"async\" src=\"https:\/\/pruebas.populartvcantabria.com\/wp-content\/uploads\/2022\/10\/311907041_851537172512232_6386221451867927933_n-320x207.jpg\" width=\"320\" height=\"207\" alt=\"No os perd\u00e1is a partir de las 22:30h la Feria de Ganado de Campoo de Enmedio 2022!\ud83d\udc47\ud83d\udc47\ud83d\udc47\n\nhttps:\/\/youtu.be\/O6Ck_z_6xLg\" \/><div class=\"hover-layout zoom-instagram-widget__overlay zoom-instagram-widget__black \"><div class=\"zoom-instagram-icon-wrap\"><a class=\"zoom-svg-instagram-stroke\" href=\"https:\/\/www.instagram.com\/p\/Cj5-tr6LbqA\/\" rel=\"noopener nofollow\" target=\"_blank\" title=\"No os perd\u00e1is a partir de las 22:30h la Feria de Ganado de Campoo de Enmedio 2022!\ud83d\udc47\ud83d\udc47\ud83d\udc47\n\nhttps:\/\/youtu.be\/O6Ck_z_6xLg\"><\/a><\/div>\n    \t\t\t\t\t<a class=\"zoom-instagram-link\" data-src=\"https:\/\/pruebas.populartvcantabria.com\/wp-content\/uploads\/2022\/10\/311907041_851537172512232_6386221451867927933_n-320x207.jpg\" data-mfp-src=\"17968960462921069\" href=\"https:\/\/www.instagram.com\/p\/Cj5-tr6LbqA\/\" target=\"_blank\" rel=\"noopener nofollow\" title=\"No os perd\u00e1is a partir de las 22:30h la Feria de Ganado de Campoo de Enmedio 2022!\ud83d\udc47\ud83d\udc47\ud83d\udc47\n\nhttps:\/\/youtu.be\/O6Ck_z_6xLg\"><\/a>\n    \t\t\t\t\t<\/div><\/div><\/li><li class=\"zoom-instagram-widget__item media-icons-normal media-icons-hover\" data-media-type=\"video\"><div class=\"zoom-instagram-widget__item-inner-wrap\"><img loading=\"lazy\" decoding=\"async\" src=\"https:\/\/pruebas.populartvcantabria.com\/wp-content\/uploads\/2022\/10\/310842188_1811914812481839_4267469299264162716_n-320x180.jpg\" width=\"320\" height=\"180\" alt=\"Vuelve #NuestraComarca, con la actualidad del municipio de Camargo. El \n#bonoconsumocamargo, las actividades del #CMF o el \n#D\u00edaeuropeodelarterupestre son algunos de los temas de hoy. Como \nsiempre, un avance.\" \/><div class=\"hover-layout zoom-instagram-widget__overlay zoom-instagram-widget__black \"><svg class=\"svg-icon\" shape-rendering=\"geometricPrecision\"><use xlink:href=\"https:\/\/pruebas.populartvcantabria.com\/wp-content\/plugins\/instagram-widget-by-wpzoom\/dist\/images\/frontend\/wpzoom-instagram-icons.svg#video\"><\/use><\/svg><div class=\"zoom-instagram-icon-wrap\"><a class=\"zoom-svg-instagram-stroke\" href=\"https:\/\/www.instagram.com\/tv\/CjaReYeoWvD\/\" rel=\"noopener nofollow\" target=\"_blank\" title=\"Vuelve #NuestraComarca, con la actualidad del municipio de Camargo. El \n#bonoconsumocamargo, las actividades del #CMF o el \n#D\u00edaeuropeodelarterupestre son algunos de los temas de hoy. Como \nsiempre, un avance.\"><\/a><\/div>\n    \t\t\t\t\t<a class=\"zoom-instagram-link\" data-src=\"https:\/\/pruebas.populartvcantabria.com\/wp-content\/uploads\/2022\/10\/310842188_1811914812481839_4267469299264162716_n-320x180.jpg\" data-mfp-src=\"17982874975651179\" href=\"https:\/\/www.instagram.com\/tv\/CjaReYeoWvD\/\" target=\"_blank\" rel=\"noopener nofollow\" title=\"Vuelve #NuestraComarca, con la actualidad del municipio de Camargo. El \n#bonoconsumocamargo, las actividades del #CMF o el \n#D\u00edaeuropeodelarterupestre son algunos de los temas de hoy. Como \nsiempre, un avance.\"><\/a>\n    \t\t\t\t\t<\/div><\/div><\/li><li class=\"zoom-instagram-widget__item media-icons-normal media-icons-hover\" data-media-type=\"video\"><div class=\"zoom-instagram-widget__item-inner-wrap\"><img loading=\"lazy\" decoding=\"async\" src=\"https:\/\/pruebas.populartvcantabria.com\/wp-content\/uploads\/2022\/10\/306644843_1102828857292129_2051454982198028685_n-320x180.jpg\" width=\"320\" height=\"180\" alt=\"No te pierdas ma\u00f1ana, a partir de las 12:00h, la Santa Misa desde el Santuario de La Bien Aparecida, Patrona de Cantabria, en Popular TV.\n\n#BienAparecida #Cantabria #festividad #SantaMisa\" \/><div class=\"hover-layout zoom-instagram-widget__overlay zoom-instagram-widget__black \"><svg class=\"svg-icon\" shape-rendering=\"geometricPrecision\"><use xlink:href=\"https:\/\/pruebas.populartvcantabria.com\/wp-content\/plugins\/instagram-widget-by-wpzoom\/dist\/images\/frontend\/wpzoom-instagram-icons.svg#video\"><\/use><\/svg><div class=\"zoom-instagram-icon-wrap\"><a class=\"zoom-svg-instagram-stroke\" href=\"https:\/\/www.instagram.com\/p\/Cie-pFRtnbL\/\" rel=\"noopener nofollow\" target=\"_blank\" title=\"No te pierdas ma\u00f1ana, a partir de las 12:00h, la Santa Misa desde el Santuario de La Bien Aparecida, Patrona de Cantabria, en Popular TV.\n\n#BienAparecida #Cantabria #festividad #SantaMisa\"><\/a><\/div>\n    \t\t\t\t\t<a class=\"zoom-instagram-link\" data-src=\"https:\/\/pruebas.populartvcantabria.com\/wp-content\/uploads\/2022\/10\/306644843_1102828857292129_2051454982198028685_n-320x180.jpg\" data-mfp-src=\"17942946779494803\" href=\"https:\/\/www.instagram.com\/p\/Cie-pFRtnbL\/\" target=\"_blank\" rel=\"noopener nofollow\" title=\"No te pierdas ma\u00f1ana, a partir de las 12:00h, la Santa Misa desde el Santuario de La Bien Aparecida, Patrona de Cantabria, en Popular TV.\n\n#BienAparecida #Cantabria #festividad #SantaMisa\"><\/a>\n    \t\t\t\t\t<\/div><\/div><\/li><li class=\"zoom-instagram-widget__item media-icons-normal media-icons-hover\" data-media-type=\"image\"><div class=\"zoom-instagram-widget__item-inner-wrap\"><img loading=\"lazy\" decoding=\"async\" src=\"https:\/\/pruebas.populartvcantabria.com\/wp-content\/uploads\/2022\/10\/295711818_1099525964000650_8376093568335671540_n-320x320.jpg\" width=\"320\" height=\"320\" alt=\"En plena Semana Grande de Santander, nos viene a visitar Marta Barca, Directora General de Turismo, para hablar del turismo de Cantabria este verano. No te lo pierdas a partir de las 22:00h en #CantabriadeCerca\" \/><div class=\"hover-layout zoom-instagram-widget__overlay zoom-instagram-widget__black \"><div class=\"zoom-instagram-icon-wrap\"><a class=\"zoom-svg-instagram-stroke\" href=\"https:\/\/www.instagram.com\/p\/CgeNUiYNVK3\/\" rel=\"noopener nofollow\" target=\"_blank\" title=\"En plena Semana Grande de Santander, nos viene a visitar Marta Barca, Directora General de Turismo, para hablar del turismo de Cantabria este verano. No te lo pierdas a partir de las 22:00h en #CantabriadeCerca\"><\/a><\/div>\n    \t\t\t\t\t<a class=\"zoom-instagram-link\" data-src=\"https:\/\/pruebas.populartvcantabria.com\/wp-content\/uploads\/2022\/10\/295711818_1099525964000650_8376093568335671540_n-320x320.jpg\" data-mfp-src=\"17944467449160878\" href=\"https:\/\/www.instagram.com\/p\/CgeNUiYNVK3\/\" target=\"_blank\" rel=\"noopener nofollow\" title=\"En plena Semana Grande de Santander, nos viene a visitar Marta Barca, Directora General de Turismo, para hablar del turismo de Cantabria este verano. No te lo pierdas a partir de las 22:00h en #CantabriadeCerca\"><\/a>\n    \t\t\t\t\t<\/div><\/div><\/li><li class=\"zoom-instagram-widget__item media-icons-normal media-icons-hover\" data-media-type=\"image\"><div class=\"zoom-instagram-widget__item-inner-wrap\"><img loading=\"lazy\" decoding=\"async\" src=\"https:\/\/pruebas.populartvcantabria.com\/wp-content\/uploads\/2022\/10\/294822495_1095377441067053_9174600620850078890_n-320x180.jpg\" width=\"320\" height=\"180\" alt=\"#Camargo est\u00e1 a punto de comenzar el 41 Festival de Verano \n@CamargoCultura. \u00bfQuieres conocer todas las citas que han preparado? NO \nte pierdas hoy, a partir de las 21.00, #NuestraComarca.\" \/><div class=\"hover-layout zoom-instagram-widget__overlay zoom-instagram-widget__black \"><div class=\"zoom-instagram-icon-wrap\"><a class=\"zoom-svg-instagram-stroke\" href=\"https:\/\/www.instagram.com\/p\/CgUDfUWtm8Z\/\" rel=\"noopener nofollow\" target=\"_blank\" title=\"#Camargo est\u00e1 a punto de comenzar el 41 Festival de Verano \n@CamargoCultura. \u00bfQuieres conocer todas las citas que han preparado? NO \nte pierdas hoy, a partir de las 21.00, #NuestraComarca.\"><\/a><\/div>\n    \t\t\t\t\t<a class=\"zoom-instagram-link\" data-src=\"https:\/\/pruebas.populartvcantabria.com\/wp-content\/uploads\/2022\/10\/294822495_1095377441067053_9174600620850078890_n-320x180.jpg\" data-mfp-src=\"17989206484481178\" href=\"https:\/\/www.instagram.com\/p\/CgUDfUWtm8Z\/\" target=\"_blank\" rel=\"noopener nofollow\" title=\"#Camargo est\u00e1 a punto de comenzar el 41 Festival de Verano \n@CamargoCultura. \u00bfQuieres conocer todas las citas que han preparado? NO \nte pierdas hoy, a partir de las 21.00, #NuestraComarca.\"><\/a>\n    \t\t\t\t\t<\/div><\/div><\/li><li class=\"zoom-instagram-widget__item media-icons-normal media-icons-hover\" data-media-type=\"video\"><div class=\"zoom-instagram-widget__item-inner-wrap\"><img loading=\"lazy\" decoding=\"async\" src=\"https:\/\/pruebas.populartvcantabria.com\/wp-content\/uploads\/2022\/10\/294325754_5593124240738471_43373874807393622_n-320x180.jpg\" width=\"320\" height=\"180\" alt=\"No te pierdas este domingo en directo la Ordenaci\u00f3n Presbiteral de Ram\u00f3n G\u00f3mez Ruiz, a las 17:00h en Popular TV.\" \/><div class=\"hover-layout zoom-instagram-widget__overlay zoom-instagram-widget__black \"><svg class=\"svg-icon\" shape-rendering=\"geometricPrecision\"><use xlink:href=\"https:\/\/pruebas.populartvcantabria.com\/wp-content\/plugins\/instagram-widget-by-wpzoom\/dist\/images\/frontend\/wpzoom-instagram-icons.svg#video\"><\/use><\/svg><div class=\"zoom-instagram-icon-wrap\"><a class=\"zoom-svg-instagram-stroke\" href=\"https:\/\/www.instagram.com\/p\/CgNOKXloqX0\/\" rel=\"noopener nofollow\" target=\"_blank\" title=\"No te pierdas este domingo en directo la Ordenaci\u00f3n Presbiteral de Ram\u00f3n G\u00f3mez Ruiz, a las 17:00h en Popular TV.\"><\/a><\/div>\n    \t\t\t\t\t<a class=\"zoom-instagram-link\" data-src=\"https:\/\/pruebas.populartvcantabria.com\/wp-content\/uploads\/2022\/10\/294325754_5593124240738471_43373874807393622_n-320x180.jpg\" data-mfp-src=\"17915109419587064\" href=\"https:\/\/www.instagram.com\/p\/CgNOKXloqX0\/\" target=\"_blank\" rel=\"noopener nofollow\" title=\"No te pierdas este domingo en directo la Ordenaci\u00f3n Presbiteral de Ram\u00f3n G\u00f3mez Ruiz, a las 17:00h en Popular TV.\"><\/a>\n    \t\t\t\t\t<\/div><\/div><\/li><li class=\"zoom-instagram-widget__item media-icons-normal media-icons-hover\" data-media-type=\"image\"><div class=\"zoom-instagram-widget__item-inner-wrap\"><img loading=\"lazy\" decoding=\"async\" src=\"https:\/\/pruebas.populartvcantabria.com\/wp-content\/uploads\/2022\/10\/288478666_2153004211534129_4680081338800641397_n-320x250.jpg\" width=\"320\" height=\"250\" alt=\"Comienza un nuevo programa de #Ganaderosensuhabitat en el que Tom\u00e1s nos ense\u00f1a pardas en Culundriegas.\" \/><div class=\"hover-layout zoom-instagram-widget__overlay zoom-instagram-widget__black \"><div class=\"zoom-instagram-icon-wrap\"><a class=\"zoom-svg-instagram-stroke\" href=\"https:\/\/www.instagram.com\/p\/Ce643PDIcQJ\/\" rel=\"noopener nofollow\" target=\"_blank\" title=\"Comienza un nuevo programa de #Ganaderosensuhabitat en el que Tom\u00e1s nos ense\u00f1a pardas en Culundriegas.\"><\/a><\/div>\n    \t\t\t\t\t<a class=\"zoom-instagram-link\" data-src=\"https:\/\/pruebas.populartvcantabria.com\/wp-content\/uploads\/2022\/10\/288478666_2153004211534129_4680081338800641397_n-320x250.jpg\" data-mfp-src=\"17987651899506898\" href=\"https:\/\/www.instagram.com\/p\/Ce643PDIcQJ\/\" target=\"_blank\" rel=\"noopener nofollow\" title=\"Comienza un nuevo programa de #Ganaderosensuhabitat en el que Tom\u00e1s nos ense\u00f1a pardas en Culundriegas.\"><\/a>\n    \t\t\t\t\t<\/div><\/div><\/li><\/ul><\/div><div class=\"zoom-instagram-widget__footer\"><a href=\"https:\/\/www.instagram.com\/ptvcantabria\" target=\"_blank\" rel=\"noopener nofollow\" class=\"wpz-button wpz-button-primary wpz-insta-view-on-insta-button\"><span class=\"button-icon zoom-svg-instagram-stroke\"><\/span> View on Instagram<\/a><\/div><div class=\"wpz-insta-lightbox-wrapper mfp-hide\"><div class=\"swiper-container\"><div class=\"swiper-wrapper\"><div data-uid=\"17988310915632683\" class=\"swiper-slide wpz-insta-lightbox-item\"><div class=\"wpz-insta-lightbox\"><div class=\"image-wrapper\"><video controls autoplay muted preload=\"metadata\" poster=\"https:\/\/pruebas.populartvcantabria.com\/wp-content\/uploads\/2022\/10\/317728050_464884565791382_6929949380517577043_n.jpg\"><source src=\"https:\/\/video-ord5-1.cdninstagram.com\/v\/t50.16885-16\/10000000_1308980356525416_4223375526842504565_n.mp4?_nc_cat=104&#038;vs=507624147796400_4146291100&#038;_nc_vs=HBksFQAYJEdJQ1dtQUJvTFN1OWdxWUVBSFdWaGs2cWNadzZidlZCQUFBRhUAAsgBABUAGCRHRTRSOWhMQ3Q5cDhGbVVBQUtrc3JtcXNoemNEYnZWQkFBQUYVAgLIAQAoABgAGwGIB3VzZV9vaWwBMRUAACbo%2B8WosPbePxUCKAJDMywXQFgEGJN0vGoYEmRhc2hfYmFzZWxpbmVfMV92MREAdewHAA%3D%3D&#038;ccb=1-7&#038;_nc_sid=59939d&#038;efg=eyJ2ZW5jb2RlX3RhZyI6InZ0c192b2RfdXJsZ2VuLjEyODAuaWd0diJ9&#038;_nc_ohc=doLEbKIB5XMAX8gKp2Q&#038;_nc_ht=video-ord5-1.cdninstagram.com&#038;edm=ANo9K5cEAAAA&#038;oh=00_AfCE3d8Di_fLt1VwKUvjzEiZiBSn4dQKo_WXCg6vlgP6dA&#038;oe=63911F00&#038;_nc_rid=2232842a2b\" type=\"video\/mp4\"\/>Vuelve #NuestraComarca. Hoy hablaremos de la visita de la Ministra de \nTransporte, la celebraci\u00f3n del #D\u00edadelaInfacia y las #CiudadesEducadoras \no la \u00faltima cita de Oto\u00f1o de Teatro, entre muchos otros temas. Ser\u00e1 a \npartir de las 21.00, pero primero os dejamos un avance.<\/video><\/div>\n\t\t\t\t\t<div class=\"details-wrapper\">\n\t\t\t\t\t<div class=\"wpz-insta-header\">\n\t\t\t\t\t\t<div class=\"wpz-insta-avatar\">\n\t\t\t\t\t\t\t<img loading=\"lazy\" decoding=\"async\" src=\"https:\/\/pruebas.populartvcantabria.com\/wp-content\/plugins\/instagram-widget-by-wpzoom\/dist\/images\/backend\/icon-insta.png\" alt=\"@ptvcantabria\" width=\"42\" height=\"42\"\/>\n\t\t\t\t\t\t<\/div>\n\t\t\t\t\t\t<div class=\"wpz-insta-buttons\">\n\t\t\t\t\t\t\t<div class=\"wpz-insta-username\">\n\t\t\t\t\t\t\t\t<a rel=\"noopener\" target=\"_blank\" href=\"https:\/\/instagram.com\/ptvcantabria\">@ptvcantabria<\/a>\n\t\t\t\t\t\t\t<\/div>\n\t\t\t\t\t\t\t<div>&bull;<\/div>\n\t\t\t\t\t\t\t<div class=\"wpz-insta-follow\">\n\t\t\t\t\t\t\t\t<a target=\"_blank\" rel=\"noopener\"\n\t\t\t\t\t\t\t\thref=\"https:\/\/instagram.com\/ptvcantabria?ref=badge\">\n\t\t\t\t\t\t\t\t\tFollow\n\t\t\t\t\t\t\t\t<\/a>\n\t\t\t\t\t\t\t<\/div>\n\t\t\t\t\t\t<\/div>\n\t\t\t\t\t<\/div><div class=\"wpz-insta-caption\">Vuelve #NuestraComarca. Hoy hablaremos de la visita de la Ministra de \nTransporte, la celebraci\u00f3n del #D\u00edadelaInfacia y las #CiudadesEducadoras \no la \u00faltima cita de Oto\u00f1o de Teatro, entre muchos otros temas. Ser\u00e1 a \npartir de las 21.00, pero primero os dejamos un avance.<\/div><div class=\"wpz-insta-date\">hace 4 a\u00f1os<\/div><div class=\"view-post\">\n\t\t\t\t\t<a href=\"https:\/\/www.instagram.com\/tv\/ClqngoworkR\/\" target=\"_blank\" rel=\"noopener\"><span class=\"dashicons dashicons-instagram\"><\/span>View on Instagram<\/a>\n\t\t\t\t\t<span class=\"delimiter\">|<\/span>\n\t\t\t\t\t<div class=\"wpz-insta-pagination\">1\/9<\/div>\n\t\t\t\t\t<\/div><\/div><\/div><\/div><div data-uid=\"17965571516055534\" class=\"swiper-slide wpz-insta-lightbox-item\"><div class=\"wpz-insta-lightbox\"><div class=\"image-wrapper\"><div class=\"swiper-container\"><div class=\"swiper-wrapper wpz-insta-album-images\"><div class=\"swiper-slide wpz-insta-album-image\" data-media-type=\"image\"><img decoding=\"async\" class=\"wpzoom-swiper-image\" src=\"https:\/\/scontent-ord5-1.cdninstagram.com\/v\/t39.30808-6\/315299715_548807257250792_5869703745343118295_n.jpg?_nc_cat=100&#038;ccb=1-7&#038;_nc_sid=8ae9d6&#038;_nc_ohc=jsO-oAefU4YAX_1dNsU&#038;_nc_oc=AQnLvHBf1wUanB3u_2sRMssS64YxlgLXCryjcZiIYXT_LRi1XxgQ2tVckVLoA1ym5ac&#038;_nc_ht=scontent-ord5-1.cdninstagram.com&#038;edm=ANo9K5cEAAAA&#038;oh=00_AfA3lxLXCjrITwHZFWLuAGjOIWZ0WeB6D45Qy5YqKvQhzQ&#038;oe=6396055E\" alt=\"No te pierdas a las 21:30 el especial Fiesta del Orujo 2022!\n\nhttps:\/\/youtu.be\/LCTr-wh6018\"\/><\/div><div class=\"swiper-slide wpz-insta-album-image\" data-media-type=\"image\"><img decoding=\"async\" class=\"wpzoom-swiper-image\" src=\"https:\/\/scontent-ord5-1.cdninstagram.com\/v\/t39.30808-6\/315203611_548807273917457_4385512833506118995_n.jpg?_nc_cat=102&#038;ccb=1-7&#038;_nc_sid=8ae9d6&#038;_nc_ohc=jlSuZ03z7ggAX_FZ_19&#038;_nc_ht=scontent-ord5-1.cdninstagram.com&#038;edm=ANo9K5cEAAAA&#038;oh=00_AfD7pX_9dnTgSeH6zGEWTrTKQOWcBitzYHbqeJ-yD1J5wA&#038;oe=639525CC\" alt=\"No te pierdas a las 21:30 el especial Fiesta del Orujo 2022!\n\nhttps:\/\/youtu.be\/LCTr-wh6018\"\/><\/div><div class=\"swiper-slide wpz-insta-album-image\" data-media-type=\"image\"><img decoding=\"async\" class=\"wpzoom-swiper-image\" src=\"https:\/\/scontent-ord5-1.cdninstagram.com\/v\/t39.30808-6\/315110483_548807277250790_6515837153102578705_n.jpg?_nc_cat=100&#038;ccb=1-7&#038;_nc_sid=8ae9d6&#038;_nc_ohc=U6KiZ5G65CkAX8PcaeU&#038;_nc_ht=scontent-ord5-1.cdninstagram.com&#038;edm=ANo9K5cEAAAA&#038;oh=00_AfBbnE7xuXzdZdNpkVmVSqMn7N5sMI8Rl88SdORHmSRrSQ&#038;oe=639582C2\" alt=\"No te pierdas a las 21:30 el especial Fiesta del Orujo 2022!\n\nhttps:\/\/youtu.be\/LCTr-wh6018\"\/><\/div><\/div><div class=\"swiper-pagination\"><\/div><div class=\"swiper-button-prev\"><\/div><div class=\"swiper-button-next\"><\/div><\/div><\/div>\n\t\t\t\t\t<div class=\"details-wrapper\">\n\t\t\t\t\t<div class=\"wpz-insta-header\">\n\t\t\t\t\t\t<div class=\"wpz-insta-avatar\">\n\t\t\t\t\t\t\t<img loading=\"lazy\" decoding=\"async\" src=\"https:\/\/pruebas.populartvcantabria.com\/wp-content\/plugins\/instagram-widget-by-wpzoom\/dist\/images\/backend\/icon-insta.png\" alt=\"@ptvcantabria\" width=\"42\" height=\"42\"\/>\n\t\t\t\t\t\t<\/div>\n\t\t\t\t\t\t<div class=\"wpz-insta-buttons\">\n\t\t\t\t\t\t\t<div class=\"wpz-insta-username\">\n\t\t\t\t\t\t\t\t<a rel=\"noopener\" target=\"_blank\" href=\"https:\/\/instagram.com\/ptvcantabria\">@ptvcantabria<\/a>\n\t\t\t\t\t\t\t<\/div>\n\t\t\t\t\t\t\t<div>&bull;<\/div>\n\t\t\t\t\t\t\t<div class=\"wpz-insta-follow\">\n\t\t\t\t\t\t\t\t<a target=\"_blank\" rel=\"noopener\"\n\t\t\t\t\t\t\t\thref=\"https:\/\/instagram.com\/ptvcantabria?ref=badge\">\n\t\t\t\t\t\t\t\t\tFollow\n\t\t\t\t\t\t\t\t<\/a>\n\t\t\t\t\t\t\t<\/div>\n\t\t\t\t\t\t<\/div>\n\t\t\t\t\t<\/div><div class=\"wpz-insta-caption\">No te pierdas a las 21:30 el especial Fiesta del Orujo 2022!\n\nhttps:\/\/youtu.be\/LCTr-wh6018<\/div><div class=\"wpz-insta-date\">hace 4 a\u00f1os<\/div><div class=\"view-post\">\n\t\t\t\t\t<a href=\"https:\/\/www.instagram.com\/p\/Ck9AYL6J1lo\/\" target=\"_blank\" rel=\"noopener\"><span class=\"dashicons dashicons-instagram\"><\/span>View on Instagram<\/a>\n\t\t\t\t\t<span class=\"delimiter\">|<\/span>\n\t\t\t\t\t<div class=\"wpz-insta-pagination\">2\/9<\/div>\n\t\t\t\t\t<\/div><\/div><\/div><\/div><div data-uid=\"17968960462921069\" class=\"swiper-slide wpz-insta-lightbox-item\"><div class=\"wpz-insta-lightbox\"><div class=\"image-wrapper\"><img decoding=\"async\" class=\"wpzoom-swiper-image\" src=\"https:\/\/scontent-ord5-1.cdninstagram.com\/v\/t51.2885-15\/311907041_851537172512232_6386221451867927933_n.jpg?_nc_cat=101&#038;ccb=1-7&#038;_nc_sid=8ae9d6&#038;_nc_ohc=z4DwabDCCFkAX81ltkk&#038;_nc_ht=scontent-ord5-1.cdninstagram.com&#038;edm=ANo9K5cEAAAA&#038;oh=00_AfB-CAOxiyyy9ofJVi8NQOnITS-hO3830_IX-p_DukCI8A&#038;oe=6394B72C\" alt=\"No os perd\u00e1is a partir de las 22:30h la Feria de Ganado de Campoo de Enmedio 2022!\ud83d\udc47\ud83d\udc47\ud83d\udc47\n\nhttps:\/\/youtu.be\/O6Ck_z_6xLg\"\/><\/div>\n\t\t\t\t\t<div class=\"details-wrapper\">\n\t\t\t\t\t<div class=\"wpz-insta-header\">\n\t\t\t\t\t\t<div class=\"wpz-insta-avatar\">\n\t\t\t\t\t\t\t<img loading=\"lazy\" decoding=\"async\" src=\"https:\/\/pruebas.populartvcantabria.com\/wp-content\/plugins\/instagram-widget-by-wpzoom\/dist\/images\/backend\/icon-insta.png\" alt=\"@ptvcantabria\" width=\"42\" height=\"42\"\/>\n\t\t\t\t\t\t<\/div>\n\t\t\t\t\t\t<div class=\"wpz-insta-buttons\">\n\t\t\t\t\t\t\t<div class=\"wpz-insta-username\">\n\t\t\t\t\t\t\t\t<a rel=\"noopener\" target=\"_blank\" href=\"https:\/\/instagram.com\/ptvcantabria\">@ptvcantabria<\/a>\n\t\t\t\t\t\t\t<\/div>\n\t\t\t\t\t\t\t<div>&bull;<\/div>\n\t\t\t\t\t\t\t<div class=\"wpz-insta-follow\">\n\t\t\t\t\t\t\t\t<a target=\"_blank\" rel=\"noopener\"\n\t\t\t\t\t\t\t\thref=\"https:\/\/instagram.com\/ptvcantabria?ref=badge\">\n\t\t\t\t\t\t\t\t\tFollow\n\t\t\t\t\t\t\t\t<\/a>\n\t\t\t\t\t\t\t<\/div>\n\t\t\t\t\t\t<\/div>\n\t\t\t\t\t<\/div><div class=\"wpz-insta-caption\">No os perd\u00e1is a partir de las 22:30h la Feria de Ganado de Campoo de Enmedio 2022!\ud83d\udc47\ud83d\udc47\ud83d\udc47\n\nhttps:\/\/youtu.be\/O6Ck_z_6xLg<\/div><div class=\"wpz-insta-date\">hace 4 a\u00f1os<\/div><div class=\"view-post\">\n\t\t\t\t\t<a href=\"https:\/\/www.instagram.com\/p\/Cj5-tr6LbqA\/\" target=\"_blank\" rel=\"noopener\"><span class=\"dashicons dashicons-instagram\"><\/span>View on Instagram<\/a>\n\t\t\t\t\t<span class=\"delimiter\">|<\/span>\n\t\t\t\t\t<div class=\"wpz-insta-pagination\">3\/9<\/div>\n\t\t\t\t\t<\/div><\/div><\/div><\/div><div data-uid=\"17982874975651179\" class=\"swiper-slide wpz-insta-lightbox-item\"><div class=\"wpz-insta-lightbox\"><div class=\"image-wrapper\"><video controls autoplay muted preload=\"metadata\" poster=\"https:\/\/pruebas.populartvcantabria.com\/wp-content\/uploads\/2022\/10\/310842188_1811914812481839_4267469299264162716_n.jpg\"><source src=\"https:\/\/video-ord5-1.cdninstagram.com\/v\/t50.16885-16\/10000000_606688321194854_4513100970038580842_n.mp4?_nc_cat=103&#038;vs=824155965673010_2840551840&#038;_nc_vs=HBksFQAYJEdJQ1dtQUJteTlfaHh5Y0NBR3JXbnJwcndhRV9idlZCQUFBRhUAAsgBABUAGCRHRF9Va0JMQng0bVhKTElCQUY3cHo4UW1NUEJZYnZWQkFBQUYVAgLIAQAoABgAGwGIB3VzZV9vaWwBMRUAACaGgY6NqPnTPxUCKAJDMywXQFgIMSbpeNUYEmRhc2hfYmFzZWxpbmVfMV92MREAdewHAA%3D%3D&#038;ccb=1-7&#038;_nc_sid=59939d&#038;efg=eyJ2ZW5jb2RlX3RhZyI6InZ0c192b2RfdXJsZ2VuLjEyODAuaWd0diJ9&#038;_nc_ohc=KZYmePUkZpcAX-0FLHC&#038;_nc_ht=video-ord5-1.cdninstagram.com&#038;edm=ANo9K5cEAAAA&#038;oh=00_AfChzXEscPnafRJB89sL24CKnaUxmRH_UQQdUFrYUuvQfg&#038;oe=63913DAE&#038;_nc_rid=8f971fa7ef\" type=\"video\/mp4\"\/>Vuelve #NuestraComarca, con la actualidad del municipio de Camargo. El \n#bonoconsumocamargo, las actividades del #CMF o el \n#D\u00edaeuropeodelarterupestre son algunos de los temas de hoy. Como \nsiempre, un avance.<\/video><\/div>\n\t\t\t\t\t<div class=\"details-wrapper\">\n\t\t\t\t\t<div class=\"wpz-insta-header\">\n\t\t\t\t\t\t<div class=\"wpz-insta-avatar\">\n\t\t\t\t\t\t\t<img loading=\"lazy\" decoding=\"async\" src=\"https:\/\/pruebas.populartvcantabria.com\/wp-content\/plugins\/instagram-widget-by-wpzoom\/dist\/images\/backend\/icon-insta.png\" alt=\"@ptvcantabria\" width=\"42\" height=\"42\"\/>\n\t\t\t\t\t\t<\/div>\n\t\t\t\t\t\t<div class=\"wpz-insta-buttons\">\n\t\t\t\t\t\t\t<div class=\"wpz-insta-username\">\n\t\t\t\t\t\t\t\t<a rel=\"noopener\" target=\"_blank\" href=\"https:\/\/instagram.com\/ptvcantabria\">@ptvcantabria<\/a>\n\t\t\t\t\t\t\t<\/div>\n\t\t\t\t\t\t\t<div>&bull;<\/div>\n\t\t\t\t\t\t\t<div class=\"wpz-insta-follow\">\n\t\t\t\t\t\t\t\t<a target=\"_blank\" rel=\"noopener\"\n\t\t\t\t\t\t\t\thref=\"https:\/\/instagram.com\/ptvcantabria?ref=badge\">\n\t\t\t\t\t\t\t\t\tFollow\n\t\t\t\t\t\t\t\t<\/a>\n\t\t\t\t\t\t\t<\/div>\n\t\t\t\t\t\t<\/div>\n\t\t\t\t\t<\/div><div class=\"wpz-insta-caption\">Vuelve #NuestraComarca, con la actualidad del municipio de Camargo. El \n#bonoconsumocamargo, las actividades del #CMF o el \n#D\u00edaeuropeodelarterupestre son algunos de los temas de hoy. Como \nsiempre, un avance.<\/div><div class=\"wpz-insta-date\">hace 4 a\u00f1os<\/div><div class=\"view-post\">\n\t\t\t\t\t<a href=\"https:\/\/www.instagram.com\/tv\/CjaReYeoWvD\/\" target=\"_blank\" rel=\"noopener\"><span class=\"dashicons dashicons-instagram\"><\/span>View on Instagram<\/a>\n\t\t\t\t\t<span class=\"delimiter\">|<\/span>\n\t\t\t\t\t<div class=\"wpz-insta-pagination\">4\/9<\/div>\n\t\t\t\t\t<\/div><\/div><\/div><\/div><div data-uid=\"17942946779494803\" class=\"swiper-slide wpz-insta-lightbox-item\"><div class=\"wpz-insta-lightbox\"><div class=\"image-wrapper\"><video controls autoplay muted preload=\"metadata\" poster=\"https:\/\/pruebas.populartvcantabria.com\/wp-content\/uploads\/2022\/10\/306644843_1102828857292129_2051454982198028685_n.jpg\"><source src=\"https:\/\/video-ord5-1.cdninstagram.com\/v\/t50.2886-16\/306910916_632646684878920_5152052192253207320_n.mp4?_nc_cat=101&#038;vs=817136476388487_525132857&#038;_nc_vs=HBksFQAYJEdNUVdTeEpJcU91SVl6OENBQmhqaGc4c3hIOUhia1lMQUFBRhUAAsgBABUAGCRHTTJFVEJKdHdlOFZZZWNDQUh5aGZDMDJJQU10YmtZTEFBQUYVAgLIAQAoABgAGwGIB3VzZV9vaWwBMRUAACbmgZKl%2FtHkPxUCKAJDMywXQDkhR64UeuEYEmRhc2hfYmFzZWxpbmVfMV92MREAdeoHAA%3D%3D&#038;ccb=1-7&#038;_nc_sid=59939d&#038;efg=eyJ2ZW5jb2RlX3RhZyI6InZ0c192b2RfdXJsZ2VuLjEyODAuZmVlZCJ9&#038;_nc_ohc=dZ1qaG5V--kAX8lxaTp&#038;_nc_ht=video-ord5-1.cdninstagram.com&#038;edm=ANo9K5cEAAAA&#038;oh=00_AfByUw9GCst0pzo1eZTr9z7Rq4Yizldp0HXI3uVsgOhgaw&#038;oe=639141BC&#038;_nc_rid=eb51236172\" type=\"video\/mp4\"\/>No te pierdas ma\u00f1ana, a partir de las 12:00h, la Santa Misa desde el Santuario de La Bien Aparecida, Patrona de Cantabria, en Popular TV.\n\n#BienAparecida #Cantabria #festividad #SantaMisa<\/video><\/div>\n\t\t\t\t\t<div class=\"details-wrapper\">\n\t\t\t\t\t<div class=\"wpz-insta-header\">\n\t\t\t\t\t\t<div class=\"wpz-insta-avatar\">\n\t\t\t\t\t\t\t<img loading=\"lazy\" decoding=\"async\" src=\"https:\/\/pruebas.populartvcantabria.com\/wp-content\/plugins\/instagram-widget-by-wpzoom\/dist\/images\/backend\/icon-insta.png\" alt=\"@ptvcantabria\" width=\"42\" height=\"42\"\/>\n\t\t\t\t\t\t<\/div>\n\t\t\t\t\t\t<div class=\"wpz-insta-buttons\">\n\t\t\t\t\t\t\t<div class=\"wpz-insta-username\">\n\t\t\t\t\t\t\t\t<a rel=\"noopener\" target=\"_blank\" href=\"https:\/\/instagram.com\/ptvcantabria\">@ptvcantabria<\/a>\n\t\t\t\t\t\t\t<\/div>\n\t\t\t\t\t\t\t<div>&bull;<\/div>\n\t\t\t\t\t\t\t<div class=\"wpz-insta-follow\">\n\t\t\t\t\t\t\t\t<a target=\"_blank\" rel=\"noopener\"\n\t\t\t\t\t\t\t\thref=\"https:\/\/instagram.com\/ptvcantabria?ref=badge\">\n\t\t\t\t\t\t\t\t\tFollow\n\t\t\t\t\t\t\t\t<\/a>\n\t\t\t\t\t\t\t<\/div>\n\t\t\t\t\t\t<\/div>\n\t\t\t\t\t<\/div><div class=\"wpz-insta-caption\">No te pierdas ma\u00f1ana, a partir de las 12:00h, la Santa Misa desde el Santuario de La Bien Aparecida, Patrona de Cantabria, en Popular TV.\n\n#BienAparecida #Cantabria #festividad #SantaMisa<\/div><div class=\"wpz-insta-date\">hace 4 a\u00f1os<\/div><div class=\"view-post\">\n\t\t\t\t\t<a href=\"https:\/\/www.instagram.com\/p\/Cie-pFRtnbL\/\" target=\"_blank\" rel=\"noopener\"><span class=\"dashicons dashicons-instagram\"><\/span>View on Instagram<\/a>\n\t\t\t\t\t<span class=\"delimiter\">|<\/span>\n\t\t\t\t\t<div class=\"wpz-insta-pagination\">5\/9<\/div>\n\t\t\t\t\t<\/div><\/div><\/div><\/div><div data-uid=\"17944467449160878\" class=\"swiper-slide wpz-insta-lightbox-item\"><div class=\"wpz-insta-lightbox\"><div class=\"image-wrapper\"><img decoding=\"async\" class=\"wpzoom-swiper-image\" src=\"https:\/\/scontent-ord5-1.cdninstagram.com\/v\/t51.2885-15\/295711818_1099525964000650_8376093568335671540_n.jpg?_nc_cat=108&#038;ccb=1-7&#038;_nc_sid=8ae9d6&#038;_nc_aid=0&#038;_nc_ohc=8N51KPbEhEUAX8F_752&#038;_nc_ht=scontent-ord5-1.cdninstagram.com&#038;edm=ANo9K5cEAAAA&#038;oh=00_AfCpWIgxh9wBcIx1oaoYgdLfexsf6nnW2BDugS8MLW7Ftg&#038;oe=63956369\" alt=\"En plena Semana Grande de Santander, nos viene a visitar Marta Barca, Directora General de Turismo, para hablar del turismo de Cantabria este verano. No te lo pierdas a partir de las 22:00h en #CantabriadeCerca\"\/><\/div>\n\t\t\t\t\t<div class=\"details-wrapper\">\n\t\t\t\t\t<div class=\"wpz-insta-header\">\n\t\t\t\t\t\t<div class=\"wpz-insta-avatar\">\n\t\t\t\t\t\t\t<img loading=\"lazy\" decoding=\"async\" src=\"https:\/\/pruebas.populartvcantabria.com\/wp-content\/plugins\/instagram-widget-by-wpzoom\/dist\/images\/backend\/icon-insta.png\" alt=\"@ptvcantabria\" width=\"42\" height=\"42\"\/>\n\t\t\t\t\t\t<\/div>\n\t\t\t\t\t\t<div class=\"wpz-insta-buttons\">\n\t\t\t\t\t\t\t<div class=\"wpz-insta-username\">\n\t\t\t\t\t\t\t\t<a rel=\"noopener\" target=\"_blank\" href=\"https:\/\/instagram.com\/ptvcantabria\">@ptvcantabria<\/a>\n\t\t\t\t\t\t\t<\/div>\n\t\t\t\t\t\t\t<div>&bull;<\/div>\n\t\t\t\t\t\t\t<div class=\"wpz-insta-follow\">\n\t\t\t\t\t\t\t\t<a target=\"_blank\" rel=\"noopener\"\n\t\t\t\t\t\t\t\thref=\"https:\/\/instagram.com\/ptvcantabria?ref=badge\">\n\t\t\t\t\t\t\t\t\tFollow\n\t\t\t\t\t\t\t\t<\/a>\n\t\t\t\t\t\t\t<\/div>\n\t\t\t\t\t\t<\/div>\n\t\t\t\t\t<\/div><div class=\"wpz-insta-caption\">En plena Semana Grande de Santander, nos viene a visitar Marta Barca, Directora General de Turismo, para hablar del turismo de Cantabria este verano. No te lo pierdas a partir de las 22:00h en #CantabriadeCerca<\/div><div class=\"wpz-insta-date\">hace 4 a\u00f1os<\/div><div class=\"view-post\">\n\t\t\t\t\t<a href=\"https:\/\/www.instagram.com\/p\/CgeNUiYNVK3\/\" target=\"_blank\" rel=\"noopener\"><span class=\"dashicons dashicons-instagram\"><\/span>View on Instagram<\/a>\n\t\t\t\t\t<span class=\"delimiter\">|<\/span>\n\t\t\t\t\t<div class=\"wpz-insta-pagination\">6\/9<\/div>\n\t\t\t\t\t<\/div><\/div><\/div><\/div><div data-uid=\"17989206484481178\" class=\"swiper-slide wpz-insta-lightbox-item\"><div class=\"wpz-insta-lightbox\"><div class=\"image-wrapper\"><img decoding=\"async\" class=\"wpzoom-swiper-image\" src=\"https:\/\/scontent-ord5-1.cdninstagram.com\/v\/t51.2885-15\/294822495_1095377441067053_9174600620850078890_n.jpg?_nc_cat=104&#038;ccb=1-7&#038;_nc_sid=8ae9d6&#038;_nc_ohc=EIweAeg1ZfsAX8ZbYBe&#038;_nc_ht=scontent-ord5-1.cdninstagram.com&#038;edm=ANo9K5cEAAAA&#038;oh=00_AfA209EeiVuhi2uj3LecaMCpmdROY2LUB6NPbRTbtF2E4w&#038;oe=639613A1\" alt=\"#Camargo est\u00e1 a punto de comenzar el 41 Festival de Verano \n@CamargoCultura. \u00bfQuieres conocer todas las citas que han preparado? NO \nte pierdas hoy, a partir de las 21.00, #NuestraComarca.\"\/><\/div>\n\t\t\t\t\t<div class=\"details-wrapper\">\n\t\t\t\t\t<div class=\"wpz-insta-header\">\n\t\t\t\t\t\t<div class=\"wpz-insta-avatar\">\n\t\t\t\t\t\t\t<img loading=\"lazy\" decoding=\"async\" src=\"https:\/\/pruebas.populartvcantabria.com\/wp-content\/plugins\/instagram-widget-by-wpzoom\/dist\/images\/backend\/icon-insta.png\" alt=\"@ptvcantabria\" width=\"42\" height=\"42\"\/>\n\t\t\t\t\t\t<\/div>\n\t\t\t\t\t\t<div class=\"wpz-insta-buttons\">\n\t\t\t\t\t\t\t<div class=\"wpz-insta-username\">\n\t\t\t\t\t\t\t\t<a rel=\"noopener\" target=\"_blank\" href=\"https:\/\/instagram.com\/ptvcantabria\">@ptvcantabria<\/a>\n\t\t\t\t\t\t\t<\/div>\n\t\t\t\t\t\t\t<div>&bull;<\/div>\n\t\t\t\t\t\t\t<div class=\"wpz-insta-follow\">\n\t\t\t\t\t\t\t\t<a target=\"_blank\" rel=\"noopener\"\n\t\t\t\t\t\t\t\thref=\"https:\/\/instagram.com\/ptvcantabria?ref=badge\">\n\t\t\t\t\t\t\t\t\tFollow\n\t\t\t\t\t\t\t\t<\/a>\n\t\t\t\t\t\t\t<\/div>\n\t\t\t\t\t\t<\/div>\n\t\t\t\t\t<\/div><div class=\"wpz-insta-caption\">#Camargo est\u00e1 a punto de comenzar el 41 Festival de Verano \n@CamargoCultura. \u00bfQuieres conocer todas las citas que han preparado? NO \nte pierdas hoy, a partir de las 21.00, #NuestraComarca.<\/div><div class=\"wpz-insta-date\">hace 4 a\u00f1os<\/div><div class=\"view-post\">\n\t\t\t\t\t<a href=\"https:\/\/www.instagram.com\/p\/CgUDfUWtm8Z\/\" target=\"_blank\" rel=\"noopener\"><span class=\"dashicons dashicons-instagram\"><\/span>View on Instagram<\/a>\n\t\t\t\t\t<span class=\"delimiter\">|<\/span>\n\t\t\t\t\t<div class=\"wpz-insta-pagination\">7\/9<\/div>\n\t\t\t\t\t<\/div><\/div><\/div><\/div><div data-uid=\"17915109419587064\" class=\"swiper-slide wpz-insta-lightbox-item\"><div class=\"wpz-insta-lightbox\"><div class=\"image-wrapper\"><video controls autoplay muted preload=\"metadata\" poster=\"https:\/\/pruebas.populartvcantabria.com\/wp-content\/uploads\/2022\/10\/294325754_5593124240738471_43373874807393622_n.jpg\"><source src=\"https:\/\/video-ord5-1.cdninstagram.com\/v\/t50.2886-16\/294473366_1031760170834794_3264044740597236499_n.mp4?_nc_cat=111&#038;vs=17949422819020159_797803725&#038;_nc_vs=HBksFQAYJEdKWk9qUkZxMjNsaVlhb0RBQlBEUjk1bE4wd3Ria1lMQUFBRhUAAsgBABUAGCRHRnl6a1JHaDNJdTI4cjRDQUVOR3hreXphc0EwYmtZTEFBQUYVAgLIAQAoABgAGwGIB3VzZV9vaWwBMRUAACbMj6Pnn8zfPxUCKAJDMywXQD2iDEm6XjUYEmRhc2hfYmFzZWxpbmVfMV92MREAdeoHAA%3D%3D&#038;ccb=1-7&#038;_nc_sid=59939d&#038;efg=eyJ2ZW5jb2RlX3RhZyI6InZ0c192b2RfdXJsZ2VuLjEyODAuZmVlZCJ9&#038;_nc_ohc=btwpXFO2-pcAX8Lgd8I&#038;_nc_ht=video-ord5-1.cdninstagram.com&#038;edm=ANo9K5cEAAAA&#038;oh=00_AfAmVbQRxhxvEx5aL1JBUvS0xKMwL4AsRkP6n0NBwzFvXA&#038;oe=63911A2E&#038;_nc_rid=cbc17586fe\" type=\"video\/mp4\"\/>No te pierdas este domingo en directo la Ordenaci\u00f3n Presbiteral de Ram\u00f3n G\u00f3mez Ruiz, a las 17:00h en Popular TV.<\/video><\/div>\n\t\t\t\t\t<div class=\"details-wrapper\">\n\t\t\t\t\t<div class=\"wpz-insta-header\">\n\t\t\t\t\t\t<div class=\"wpz-insta-avatar\">\n\t\t\t\t\t\t\t<img loading=\"lazy\" decoding=\"async\" src=\"https:\/\/pruebas.populartvcantabria.com\/wp-content\/plugins\/instagram-widget-by-wpzoom\/dist\/images\/backend\/icon-insta.png\" alt=\"@ptvcantabria\" width=\"42\" height=\"42\"\/>\n\t\t\t\t\t\t<\/div>\n\t\t\t\t\t\t<div class=\"wpz-insta-buttons\">\n\t\t\t\t\t\t\t<div class=\"wpz-insta-username\">\n\t\t\t\t\t\t\t\t<a rel=\"noopener\" target=\"_blank\" href=\"https:\/\/instagram.com\/ptvcantabria\">@ptvcantabria<\/a>\n\t\t\t\t\t\t\t<\/div>\n\t\t\t\t\t\t\t<div>&bull;<\/div>\n\t\t\t\t\t\t\t<div class=\"wpz-insta-follow\">\n\t\t\t\t\t\t\t\t<a target=\"_blank\" rel=\"noopener\"\n\t\t\t\t\t\t\t\thref=\"https:\/\/instagram.com\/ptvcantabria?ref=badge\">\n\t\t\t\t\t\t\t\t\tFollow\n\t\t\t\t\t\t\t\t<\/a>\n\t\t\t\t\t\t\t<\/div>\n\t\t\t\t\t\t<\/div>\n\t\t\t\t\t<\/div><div class=\"wpz-insta-caption\">No te pierdas este domingo en directo la Ordenaci\u00f3n Presbiteral de Ram\u00f3n G\u00f3mez Ruiz, a las 17:00h en Popular TV.<\/div><div class=\"wpz-insta-date\">hace 4 a\u00f1os<\/div><div class=\"view-post\">\n\t\t\t\t\t<a href=\"https:\/\/www.instagram.com\/p\/CgNOKXloqX0\/\" target=\"_blank\" rel=\"noopener\"><span class=\"dashicons dashicons-instagram\"><\/span>View on Instagram<\/a>\n\t\t\t\t\t<span class=\"delimiter\">|<\/span>\n\t\t\t\t\t<div class=\"wpz-insta-pagination\">8\/9<\/div>\n\t\t\t\t\t<\/div><\/div><\/div><\/div><div data-uid=\"17987651899506898\" class=\"swiper-slide wpz-insta-lightbox-item\"><div class=\"wpz-insta-lightbox\"><div class=\"image-wrapper\"><img decoding=\"async\" class=\"wpzoom-swiper-image\" src=\"https:\/\/scontent-ord5-1.cdninstagram.com\/v\/t51.2885-15\/288478666_2153004211534129_4680081338800641397_n.jpg?_nc_cat=105&#038;ccb=1-7&#038;_nc_sid=8ae9d6&#038;_nc_ohc=y_8VvfnyeoMAX8Rd-DD&#038;_nc_ht=scontent-ord5-1.cdninstagram.com&#038;edm=ANo9K5cEAAAA&#038;oh=00_AfCQqOO1Yby5nZT9ENqcZYNuwhQhQIXCkktNr9mdGF4xNw&#038;oe=6394C526\" alt=\"Comienza un nuevo programa de #Ganaderosensuhabitat en el que Tom\u00e1s nos ense\u00f1a pardas en Culundriegas.\"\/><\/div>\n\t\t\t\t\t<div class=\"details-wrapper\">\n\t\t\t\t\t<div class=\"wpz-insta-header\">\n\t\t\t\t\t\t<div class=\"wpz-insta-avatar\">\n\t\t\t\t\t\t\t<img loading=\"lazy\" decoding=\"async\" src=\"https:\/\/pruebas.populartvcantabria.com\/wp-content\/plugins\/instagram-widget-by-wpzoom\/dist\/images\/backend\/icon-insta.png\" alt=\"@ptvcantabria\" width=\"42\" height=\"42\"\/>\n\t\t\t\t\t\t<\/div>\n\t\t\t\t\t\t<div class=\"wpz-insta-buttons\">\n\t\t\t\t\t\t\t<div class=\"wpz-insta-username\">\n\t\t\t\t\t\t\t\t<a rel=\"noopener\" target=\"_blank\" href=\"https:\/\/instagram.com\/ptvcantabria\">@ptvcantabria<\/a>\n\t\t\t\t\t\t\t<\/div>\n\t\t\t\t\t\t\t<div>&bull;<\/div>\n\t\t\t\t\t\t\t<div class=\"wpz-insta-follow\">\n\t\t\t\t\t\t\t\t<a target=\"_blank\" rel=\"noopener\"\n\t\t\t\t\t\t\t\thref=\"https:\/\/instagram.com\/ptvcantabria?ref=badge\">\n\t\t\t\t\t\t\t\t\tFollow\n\t\t\t\t\t\t\t\t<\/a>\n\t\t\t\t\t\t\t<\/div>\n\t\t\t\t\t\t<\/div>\n\t\t\t\t\t<\/div><div class=\"wpz-insta-caption\">Comienza un nuevo programa de #Ganaderosensuhabitat en el que Tom\u00e1s nos ense\u00f1a pardas en Culundriegas.<\/div><div class=\"wpz-insta-date\">hace 4 a\u00f1os<\/div><div class=\"view-post\">\n\t\t\t\t\t<a href=\"https:\/\/www.instagram.com\/p\/Ce643PDIcQJ\/\" target=\"_blank\" rel=\"noopener\"><span class=\"dashicons dashicons-instagram\"><\/span>View on Instagram<\/a>\n\t\t\t\t\t<span class=\"delimiter\">|<\/span>\n\t\t\t\t\t<div class=\"wpz-insta-pagination\">9\/9<\/div>\n\t\t\t\t\t<\/div><\/div><\/div><\/div><\/div><div class=\"swiper-button-prev\"><\/div><div class=\"swiper-button-next\"><\/div><\/div><\/div><\/div>\t\t\t\t\t\t<\/div>\n\t\t\t\t<\/div>\n\t\t\t\t\t<\/div>\n\t\t<\/div>\n\t\t\t\t<div class=\"elementor-column elementor-col-50 elementor-top-column elementor-element elementor-element-3752fe2\" data-id=\"3752fe2\" data-element_type=\"column\">\n\t\t\t<div class=\"elementor-widget-wrap elementor-element-populated\">\n\t\t\t\t\t\t\t\t<div class=\"elementor-element elementor-element-d54812d elementor-widget elementor-widget-html\" data-id=\"d54812d\" data-element_type=\"widget\" data-widget_type=\"html.default\">\n\t\t\t\t<div class=\"elementor-widget-container\">\n\t\t\t<a class=\"twitter-timeline\" data-height=\"1256\" href=\"https:\/\/twitter.com\/PTVCantabria?ref_src=twsrc%5Etfw\">Tweets by PTVCantabria<\/a> <script async src=\"https:\/\/platform.twitter.com\/widgets.js\" charset=\"utf-8\"><\/script>\t\t<\/div>\n\t\t\t\t<\/div>\n\t\t\t\t\t<\/div>\n\t\t<\/div>\n\t\t\t\t\t\t\t<\/div>\n\t\t<\/section>\n\t\t\t\t\t\t\t<\/div>\n\t\t","protected":false},"excerpt":{"rendered":"<p>CAMINANDO El programa religioso de la Di\u00f3cesis de Santander Informativo PTV Toda la actualidad de la regi\u00f3n. El silencio de un pueblo Conoce los pueblos m\u00e1s ocultos de Cantabria Voces Charlas, debates, conferencias en un tono religioso. Cantabria de Cerca Entrevistas a nuestra gente COMPROMETIDOS El programa social de Popular TV Cantabria Cargar m\u00e1s https:\/\/www.youtube.com\/watch?v=KefMxfFFbwUhttps:\/\/www.youtube.com\/watch?v=ZaSNeBQti00https:\/\/www.youtube.com\/watch?v=r-21DaIpuYc &hellip;<\/p>\n<p class=\"read-more\"> <a class=\"\" href=\"https:\/\/pruebas.populartvcantabria.com\/\"> <span class=\"screen-reader-text\">main<\/span> Leer m\u00e1s \u00bb<\/a><\/p>\n","protected":false},"author":1,"featured_media":0,"parent":0,"menu_order":0,"comment_status":"closed","ping_status":"closed","template":"elementor_header_footer","meta":{"site-sidebar-layout":"no-sidebar","site-content-layout":"page-builder","ast-global-header-display":"","ast-main-header-display":"","ast-hfb-above-header-display":"","ast-hfb-below-header-display":"","ast-hfb-mobile-header-display":"","site-post-title":"disabled","ast-breadcrumbs-content":"","ast-featured-img":"disabled","footer-sml-layout":"","theme-transparent-header-meta":"","adv-header-id-meta":"","stick-header-meta":"","header-above-stick-meta":"","header-main-stick-meta":"","header-below-stick-meta":"","footnotes":""},"class_list":["post-11","page","type-page","status-publish","hentry"],"_links":{"self":[{"href":"https:\/\/pruebas.populartvcantabria.com\/index.php\/wp-json\/wp\/v2\/pages\/11","targetHints":{"allow":["GET"]}}],"collection":[{"href":"https:\/\/pruebas.populartvcantabria.com\/index.php\/wp-json\/wp\/v2\/pages"}],"about":[{"href":"https:\/\/pruebas.populartvcantabria.com\/index.php\/wp-json\/wp\/v2\/types\/page"}],"author":[{"embeddable":true,"href":"https:\/\/pruebas.populartvcantabria.com\/index.php\/wp-json\/wp\/v2\/users\/1"}],"replies":[{"embeddable":true,"href":"https:\/\/pruebas.populartvcantabria.com\/index.php\/wp-json\/wp\/v2\/comments?post=11"}],"version-history":[{"count":136,"href":"https:\/\/pruebas.populartvcantabria.com\/index.php\/wp-json\/wp\/v2\/pages\/11\/revisions"}],"predecessor-version":[{"id":395,"href":"https:\/\/pruebas.populartvcantabria.com\/index.php\/wp-json\/wp\/v2\/pages\/11\/revisions\/395"}],"wp:attachment":[{"href":"https:\/\/pruebas.populartvcantabria.com\/index.php\/wp-json\/wp\/v2\/media?parent=11"}],"curies":[{"name":"wp","href":"https:\/\/api.w.org\/{rel}","templated":true}]}}